{"id":26170,"date":"2025-08-12T11:36:11","date_gmt":"2025-08-12T11:36:11","guid":{"rendered":"https:\/\/www.sanmiguel.com\/es\/?page_id=26170"},"modified":"2025-12-22T07:18:23","modified_gmt":"2025-12-22T07:18:23","slug":"un-homenaje-a-malaga-y-su-gente","status":"publish","type":"page","link":"https:\/\/www.sanmiguel.com\/es\/historia\/malaga-y-san-miguel-mas-de-50-anos-de-historia\/un-homenaje-a-malaga-y-su-gente\/","title":{"rendered":"Un homenaje a M\u00e1laga y su gente"},"content":{"rendered":"\n  <style>.row.hero-slide-unique {min-height: 80vh;}@media(max-width:578px) {.row.hero-slide-unique {min-height:0;}}<\/style>\n  <div id=\"hero\" class=\"a container-fluid p-0 viewplay  content-img-cabecera \">\n    <div class=\"row no-gutters \">\n      <div class=\"hero-swiper-container swiper-container\">\n        <div class=\"swiper-wrapper\">\n                                  <div class=\"swiper-slide hero-slide style8\">\n                                                <div class=\"hero--img-wrapper imagen1 \">\n                                        <img decoding=\"async\" alt=\"\" data-fetch=\"1\" class=\"hero--img\" srcset=\"https:\/\/www.sanmiguel.com\/es\/wp-content\/uploads\/sites\/2\/2025\/08\/cervezas_malaga-412x0-c-default.webp 412w,https:\/\/www.sanmiguel.com\/es\/wp-content\/uploads\/sites\/2\/2025\/08\/cervezas_malaga-751x0-c-default.webp 751w,https:\/\/www.sanmiguel.com\/es\/wp-content\/uploads\/sites\/2\/2025\/08\/cervezas_malaga-1536x0-c-default.webp 1536w,https:\/\/www.sanmiguel.com\/es\/wp-content\/uploads\/sites\/2\/2025\/08\/cervezas_malaga-1920x0-c-default.webp 1920w\" sizes=\"(max-width: 500px) 412px, (min-width: 501px) and (max-width: 1366px) 751px, (min-width: 1367px) 1367px\" src=\"https:\/\/www.sanmiguel.com\/es\/wp-content\/uploads\/sites\/2\/2025\/08\/cervezas_malaga-1536x0-c-default.webp\" fetchpriority=\"high\" \/>\n                                                                                                  <\/div>\n                                            <div class=\"hero--contenido  verde\"  >\n                \n                \n\n                                                  \n                \n                \n                <div class=\"hero-buttons\">\n                                                <\/div>\n              <\/div>\n              <style>\n                @media screen and (max-width: 375px) {\n                    .boton2 {\n                       margin-top: 20px;\n                    }\n                }\n                @media screen and (width: 360px) {\n                    .boton2 {\n                       margin-top: 0px;\n                    }\n                }\n                @media screen and (min-width: 769px) and (max-width: 1340px) {\n                    .boton2 {\n                      margin-top: 20px;\n                    }\n                }\n              <\/style>\n                                                              \n                          <\/div>\n                  <\/div>\n        <div class=\"hero-pagination\"><\/div>\n        <div class=\"hero-prev swiper-button-prev\" aria-disabled=\"true\"><\/div>\n        <div class=\"hero-next swiper-button-next\" aria-disabled=\"true\"><\/div>\n      <\/div>\n    <\/div>\n  <\/div>\n<link rel=\"stylesheet\" href=\"\/wp-content\/themes\/sm2020\/assets\/js\/fancybox\/jquery.fancybox.min.css\" type=\"text\/css\" media=\"screen\">\n<script type=\"text\/javascript\" src=\"\/wp-content\/themes\/sm2020\/assets\/js\/fancybox\/jquery.fancybox.min.js\"><\/script>\n\n\n\n  <style>.row.hero-slide-unique {min-height: 80vh;}@media(max-width:578px) {.row.hero-slide-unique {min-height:0;}}<\/style>\n  <div id=\"hero\" class=\"a container-fluid p-0 viewplay  content-text-center \">\n    <div class=\"row no-gutters \">\n      <div class=\"hero-swiper-container swiper-container\">\n        <div class=\"swiper-wrapper\">\n                                  <div class=\"swiper-slide hero-slide style11\">\n                            <div class=\"hero--contenido  verde\"  >\n                \n                \n\n                                                                                                                          <h1 class=\"hero--titulo\" style=\"color:\">Un homenaje a M\u00e1laga y su gente<\/h1>\n                                                                            \n                                  <div class=\"hero--texto\"><p>Desde San Miguel rendimos homenaje a M\u00e1laga con una edici\u00f3n muy especial. Una colecci\u00f3n \u00fanica que recoge frases, expresiones y momentos muy malague\u00f1os, celebrando esa forma de vivir tan suya: libre, aut\u00e9ntica y con el coraz\u00f3n en la calle.\u00a0\u200b<br \/>\n\u200b<br \/>\nPorque cada rinc\u00f3n, cada gesto y cada palabra tienen algo \u00fanico, desde San Miguel hemos creado una Edici\u00f3n Especial inspirada en la esencia malague\u00f1a. Desde los atardeceres en la playa hasta los gritos del estadio, esta edici\u00f3n limitada est\u00e1 hecha para quienes sienten M\u00e1laga de verdad. Descubre cada detalle y hazte con la frase con la que m\u00e1s te identifiques.<\/p>\n<\/div>\n                \n                \n                <div class=\"hero-buttons\">\n                                                <\/div>\n              <\/div>\n              <style>\n                @media screen and (max-width: 375px) {\n                    .boton2 {\n                       margin-top: 20px;\n                    }\n                }\n                @media screen and (width: 360px) {\n                    .boton2 {\n                       margin-top: 0px;\n                    }\n                }\n                @media screen and (min-width: 769px) and (max-width: 1340px) {\n                    .boton2 {\n                      margin-top: 20px;\n                    }\n                }\n              <\/style>\n                                                              \n                          <\/div>\n                  <\/div>\n        <div class=\"hero-pagination\"><\/div>\n        <div class=\"hero-prev swiper-button-prev\" aria-disabled=\"true\"><\/div>\n        <div class=\"hero-next swiper-button-next\" aria-disabled=\"true\"><\/div>\n      <\/div>\n    <\/div>\n  <\/div>\n<link rel=\"stylesheet\" href=\"\/wp-content\/themes\/sm2020\/assets\/js\/fancybox\/jquery.fancybox.min.css\" type=\"text\/css\" media=\"screen\">\n<script type=\"text\/javascript\" src=\"\/wp-content\/themes\/sm2020\/assets\/js\/fancybox\/jquery.fancybox.min.js\"><\/script>\n\n\n\n  <style>.row.hero-slide-unique {min-height: 80vh;}@media(max-width:578px) {.row.hero-slide-unique {min-height:0;}}<\/style>\n  <div id=\"hero\" class=\"a container-fluid p-0 viewplay  content-edicion-especial \">\n    <div class=\"row no-gutters \">\n      <div class=\"hero-swiper-container swiper-container\">\n        <div class=\"swiper-wrapper\">\n                                  <div class=\"swiper-slide hero-slide style1\">\n                                                <div class=\"hero--img-wrapper imagen1 \">\n                                        <img decoding=\"async\" alt=\"\" data-fetch=\"1\" class=\"hero--img\" srcset=\"https:\/\/www.sanmiguel.com\/es\/wp-content\/uploads\/sites\/2\/2025\/09\/sanmiguel-siete-botellas-412x0-c-default.webp 412w,https:\/\/www.sanmiguel.com\/es\/wp-content\/uploads\/sites\/2\/2025\/09\/sanmiguel-siete-botellas-751x0-c-default.webp 751w,https:\/\/www.sanmiguel.com\/es\/wp-content\/uploads\/sites\/2\/2025\/09\/sanmiguel-siete-botellas-1536x0-c-default.webp 1536w,https:\/\/www.sanmiguel.com\/es\/wp-content\/uploads\/sites\/2\/2025\/09\/sanmiguel-siete-botellas-1920x0-c-default.webp 1920w\" sizes=\"(max-width: 500px) 412px, (min-width: 501px) and (max-width: 1366px) 751px, (min-width: 1367px) 1367px\" src=\"https:\/\/www.sanmiguel.com\/es\/wp-content\/uploads\/sites\/2\/2025\/09\/sanmiguel-siete-botellas-1536x0-c-default.webp\" fetchpriority=\"high\" \/>\n                                                                                                  <\/div>\n                                            <div class=\"hero--contenido  verde\"  >\n                \n                                                                            <h2 class=\"hero--hastag\">Edici\u00f3n especial<\/h2>\n                                                      \n\n                                                  \n                                  <div class=\"hero--texto\"><p>Siete botellas \u00fanicas para celebrar todo lo que nos hace Sentir M\u00e1laga. Hazte con la tuya en esta recopilaci\u00f3n de bares donde puedes disfrutar de tu San Miguel en M\u00e1laga.<\/p>\n<\/div>\n                \n                \n                <div class=\"hero-buttons\">\n                                                                                              <a href=\"https:\/\/www.sanmiguel.com\/es\/welcome-guide\/malaga\/\"  class=\"btn hero--btn\" title=\"Desc\u00fabrelos\">Desc\u00fabrelos<span class=\"icono icon-flecha_btn\"><\/span>\n                    <\/a>\n                                                                  <\/div>\n              <\/div>\n              <style>\n                @media screen and (max-width: 375px) {\n                    .boton2 {\n                       margin-top: 20px;\n                    }\n                }\n                @media screen and (width: 360px) {\n                    .boton2 {\n                       margin-top: 0px;\n                    }\n                }\n                @media screen and (min-width: 769px) and (max-width: 1340px) {\n                    .boton2 {\n                      margin-top: 20px;\n                    }\n                }\n              <\/style>\n                                                              \n                          <\/div>\n                  <\/div>\n        <div class=\"hero-pagination\"><\/div>\n        <div class=\"hero-prev swiper-button-prev\" aria-disabled=\"true\"><\/div>\n        <div class=\"hero-next swiper-button-next\" aria-disabled=\"true\"><\/div>\n      <\/div>\n    <\/div>\n  <\/div>\n<link rel=\"stylesheet\" href=\"\/wp-content\/themes\/sm2020\/assets\/js\/fancybox\/jquery.fancybox.min.css\" type=\"text\/css\" media=\"screen\">\n<script type=\"text\/javascript\" src=\"\/wp-content\/themes\/sm2020\/assets\/js\/fancybox\/jquery.fancybox.min.js\"><\/script>\n\n\n\n  <style>.row.hero-slide-unique {min-height: 80vh;}@media(max-width:578px) {.row.hero-slide-unique {min-height:0;}}<\/style>\n  <div id=\"hero\" class=\"a container-fluid p-0 viewplay  content-eres-de-lata \">\n    <div class=\"row no-gutters \">\n      <div class=\"hero-swiper-container swiper-container\">\n        <div class=\"swiper-wrapper\">\n                                  <div class=\"swiper-slide hero-slide style10\">\n                                                <div class=\"hero--img-wrapper imagen1 \">\n                                        <img decoding=\"async\" alt=\"\" data-fetch=\"1\" class=\"hero--img\" srcset=\"https:\/\/www.sanmiguel.com\/es\/wp-content\/uploads\/sites\/2\/2025\/08\/imagen-lata-homenaje-412x0-c-default.webp 412w,https:\/\/www.sanmiguel.com\/es\/wp-content\/uploads\/sites\/2\/2025\/08\/imagen-lata-homenaje-751x0-c-default.webp 751w,https:\/\/www.sanmiguel.com\/es\/wp-content\/uploads\/sites\/2\/2025\/08\/imagen-lata-homenaje-1536x0-c-default.webp 1536w,https:\/\/www.sanmiguel.com\/es\/wp-content\/uploads\/sites\/2\/2025\/08\/imagen-lata-homenaje-1920x0-c-default.webp 1920w\" sizes=\"(max-width: 500px) 412px, (min-width: 501px) and (max-width: 1366px) 751px, (min-width: 1367px) 1367px\" src=\"https:\/\/www.sanmiguel.com\/es\/wp-content\/uploads\/sites\/2\/2025\/08\/imagen-lata-homenaje-1536x0-c-default.webp\" fetchpriority=\"high\" \/>\n                                                                                                  <\/div>\n                                            <div class=\"hero--contenido  verde\"  >\n                \n                                                                            <h2 class=\"hero--hastag\">\u00bfEres m\u00e1s de lata?<\/h2>\n                                                      \n\n                                                  \n                                  <div class=\"hero--texto\"><p>Tambi\u00e9n hemos pensado en ti.<br \/>\nAqu\u00ed puedes conseguir la tuya.<\/p>\n<\/div>\n                \n                \n                <div class=\"hero-buttons\">\n                                                                                              <a href=\"https:\/\/www.mahou-sanmiguel.com\/tienda\/p\/san-miguel-especial-malaga.html\"  class=\"btn hero--btn\" title=\"La quiero\">La quiero<span class=\"icono icon-flecha_btn\"><\/span>\n                    <\/a>\n                                                                  <\/div>\n              <\/div>\n              <style>\n                @media screen and (max-width: 375px) {\n                    .boton2 {\n                       margin-top: 20px;\n                    }\n                }\n                @media screen and (width: 360px) {\n                    .boton2 {\n                       margin-top: 0px;\n                    }\n                }\n                @media screen and (min-width: 769px) and (max-width: 1340px) {\n                    .boton2 {\n                      margin-top: 20px;\n                    }\n                }\n              <\/style>\n                                                              \n                          <\/div>\n                  <\/div>\n        <div class=\"hero-pagination\"><\/div>\n        <div class=\"hero-prev swiper-button-prev\" aria-disabled=\"true\"><\/div>\n        <div class=\"hero-next swiper-button-next\" aria-disabled=\"true\"><\/div>\n      <\/div>\n    <\/div>\n  <\/div>\n<link rel=\"stylesheet\" href=\"\/wp-content\/themes\/sm2020\/assets\/js\/fancybox\/jquery.fancybox.min.css\" type=\"text\/css\" media=\"screen\">\n<script type=\"text\/javascript\" src=\"\/wp-content\/themes\/sm2020\/assets\/js\/fancybox\/jquery.fancybox.min.js\"><\/script>\n\n\n\n  <style>.row.hero-slide-unique {min-height: 80vh;}@media(max-width:578px) {.row.hero-slide-unique {min-height:0;}}<\/style>\n  <div id=\"hero\" class=\"a container-fluid p-0 viewplay  content-sentir-malaga \">\n    <div class=\"row no-gutters \">\n      <div class=\"hero-swiper-container swiper-container\">\n        <div class=\"swiper-wrapper\">\n                                  <div class=\"swiper-slide hero-slide style1\">\n                                                <div class=\"hero--img-wrapper info_video imagen1 \">\n                                                                                      <img decoding=\"async\" class=\"play_video js-play-video playcenter btnplay js-play-video-x5f9q\" src=\"\/es\/wp-content\/themes\/sm2020\/assets\/images\/btnplay.png\" alt=\"Play\" style=\"width:7%\"\/>\n                                        <img decoding=\"async\" alt=\"\" data-fetch=\"1\" class=\"hero--img\" srcset=\"https:\/\/www.sanmiguel.com\/es\/wp-content\/uploads\/sites\/2\/2025\/08\/malaga_y_su_gente-412x0-c-default.webp 412w,https:\/\/www.sanmiguel.com\/es\/wp-content\/uploads\/sites\/2\/2025\/08\/malaga_y_su_gente-751x0-c-default.webp 751w,https:\/\/www.sanmiguel.com\/es\/wp-content\/uploads\/sites\/2\/2025\/08\/malaga_y_su_gente-1536x0-c-default.webp 1536w,https:\/\/www.sanmiguel.com\/es\/wp-content\/uploads\/sites\/2\/2025\/08\/malaga_y_su_gente-1920x0-c-default.webp 1920w\" sizes=\"(max-width: 500px) 412px, (min-width: 501px) and (max-width: 1366px) 751px, (min-width: 1367px) 1367px\" src=\"https:\/\/www.sanmiguel.com\/es\/wp-content\/uploads\/sites\/2\/2025\/08\/malaga_y_su_gente-1536x0-c-default.webp\" fetchpriority=\"high\" \/>\n                                                                                                  <\/div>\n                                            <div class=\"hero--contenido  info_video  verde\"  >\n                \n                                                                            <h2 class=\"hero--hastag\">Sentir M\u00e1laga<\/h2>\n                                                      \n\n                                                  \n                                  <div class=\"hero--texto\"><p>Este es nuestro peque\u00f1o homenaje a M\u00e1laga. La ciudad que nos acogi\u00f3 con el coraz\u00f3n y los brazos abiertos. La que nos inspira cada d\u00eda. Por sus callejones que guardan historias, por su pasi\u00f3n por el blanco y azul, por las ganas de vivir cada instante y celebrar cada ocasi\u00f3n. Va por vosotros.<\/p>\n<\/div>\n                \n                \n                <div class=\"hero-buttons\">\n                                                <\/div>\n              <\/div>\n              <style>\n                @media screen and (max-width: 375px) {\n                    .boton2 {\n                       margin-top: 20px;\n                    }\n                }\n                @media screen and (width: 360px) {\n                    .boton2 {\n                       margin-top: 0px;\n                    }\n                }\n                @media screen and (min-width: 769px) and (max-width: 1340px) {\n                    .boton2 {\n                      margin-top: 20px;\n                    }\n                }\n              <\/style>\n                                                              \n                                                              <div class=\"modal-video-hero-plyr modal-x5f9q\">\n                  <div class=\"modal-video-hero-plyr-container\">\n                    <div class=\"plyr__video-embed\" id=\"x5f9q\">\n                      <iframe src=\"https:\/\/www.youtube.com\/embed\/sBX5f9QbY_k?origin=https:\/\/plyr.io&amp;iv_load_policy=3&amp;modestbranding=1&amp;playsinline=1&amp;showinfo=0&amp;rel=0&amp;enablejsapi=1\" allowfullscreen allowtransparency allow=\"autoplay\"><\/iframe>\n                    <\/div>\n                  <\/div>\n                  <div class=\"closemodal closemodal-x5f9q\">\n                    <span>X<\/span>\n                  <\/div>\n                <\/div>\n                <style>\n                  .modal-video-hero-plyr {\n                    display: none;\n                    position: fixed;\n                    top: 0;\n                    left: 0;\n                    width: 100%;\n                    height: 100%;\n                    background-color: rgba(0,0,0,0.8);\n                    z-index: 99991;\n                  }\n                  .modal-video-hero-plyr-container {\n                    position: absolute;\n                    top: 50%;\n                    left: 50%;\n                    transform: translate(-50%,-50%);\n                    z-index: 99992;\n                    width: 90vw;\n                    aspect-ratio: 16\/9;\n                  }\n                  .closemodal {\n                  position: absolute;\n                  top: 15px;\n                  right: 35px;\n                  color: white;\n                  font-size: 40px;\n                  font-weight: bold;\n                  transition: 0.3s;\n                  }\n                  .plyr--video {\n                  --plyr-color-main: $color-verde;\n                }\n                <\/style>\n                                <script>\n                    \/\/ Use jQuery (not $) \u2014 WordPress loads jQuery in noConflict mode\n                    jQuery(document).ready(function ($) {\n                        $('a[href=\"\"]').on('click', function (event) {\n                            var target = $(this.getAttribute('href'));\n                            if (target.length) {\n                                event.preventDefault();\n                                $('html, body').stop().animate({\n                                    scrollTop: target.offset().top\n                                }, 1000);\n                            }\n                        });\n\n                        (function () {\n                            var vid = 'x5f9q';\n                            var modal = document.querySelector('.modal-' + vid);\n                            var embed = document.getElementById(vid);\n                            if (!modal || !embed) {\n                                return;\n                            }\n                            if (embed.getAttribute('data-plyr-hero-done')) {\n                                return;\n                            }\n                            embed.setAttribute('data-plyr-hero-done', '1');\n                            if (modal.parentNode !== document.body) {\n                                document.body.appendChild(modal);\n                            }\n                            var player = new Plyr(embed);\n                            $('.js-play-video-' + vid).off('click.smHero').on('click.smHero', function (e) {\n                                e.preventDefault();\n                                e.stopPropagation();\n                                modal.style.display = 'block';\n                                player.play();\n                            });\n                            $('.closemodal-' + vid).off('click.smHero').on('click.smHero', function (e) {\n                                e.preventDefault();\n                                e.stopPropagation();\n                                modal.style.display = 'none';\n                                player.pause();\n                            });\n                        })();\n                    });\n                <\/script>\n                          <\/div>\n                  <\/div>\n        <div class=\"hero-pagination\"><\/div>\n        <div class=\"hero-prev swiper-button-prev\" aria-disabled=\"true\"><\/div>\n        <div class=\"hero-next swiper-button-next\" aria-disabled=\"true\"><\/div>\n      <\/div>\n    <\/div>\n  <\/div>\n<link rel=\"stylesheet\" href=\"\/wp-content\/themes\/sm2020\/assets\/js\/fancybox\/jquery.fancybox.min.css\" type=\"text\/css\" media=\"screen\">\n<script type=\"text\/javascript\" src=\"\/wp-content\/themes\/sm2020\/assets\/js\/fancybox\/jquery.fancybox.min.js\"><\/script>\n\n\n\n<style>\nbody.page-id-26170 #hero.content-text-center .hero--contenido.verde{background-color:#13322B;text-align:center}body.page-id-26170 #hero.content-text-center .hero--contenido.verde h1.hero--titulo{width:100%}body.page-id-26170 #hero.content-edicion-especial .hero--contenido.verde,body.page-id-26170 #hero.content-eres-de-lata .hero--contenido.verde{background-color:#D7CBB7}body.page-id-26170 #hero.content-edicion-especial .hero--contenido.verde h2,body.page-id-26170 #hero.content-eres-de-lata .hero--contenido.verde h2{color:#13322B}body.page-id-26170 #hero.content-edicion-especial .hero--contenido.verde p,body.page-id-26170 #hero.content-eres-de-lata .hero--contenido.verde p{color:#13322B}body.page-id-26170 #hero.content-edicion-especial .hero--contenido.verde .btn,body.page-id-26170 #hero.content-eres-de-lata .hero--contenido.verde .btn{background-color:#13322B}body.page-id-26170 #hero.content-sentir-malaga .hero--contenido.verde{background-color:#13322B}@media (min-width:992px){body.page-id-26170 #hero.content-img-cabecera{min-height:800px}body.page-id-26170 #hero.content-img-cabecera .row{min-height:800px}body.page-id-26170 #hero.content-text-center{min-height:420px}body.page-id-26170 #hero.content-text-center .row{min-height:420px}body.page-id-26170 #hero.content-text-center .row .hero--contenido.verde h1.hero--titulo{font-size:52px;margin-bottom:2.5rem;line-height:1}body.page-id-26170 #hero.content-edicion-especial,body.page-id-26170 #hero.content-eres-de-lata{min-height:460px}body.page-id-26170 #hero.content-edicion-especial .row,body.page-id-26170 #hero.content-eres-de-lata .row{min-height:460px}body.page-id-26170 #hero.content-edicion-especial .row .hero--contenido.verde h2,body.page-id-26170 #hero.content-eres-de-lata .row .hero--contenido.verde h2{font-size:52px;margin-bottom:2.5rem;line-height:1}body.page-id-26170 #hero.content-sentir-malaga{min-height:600px}body.page-id-26170 #hero.content-sentir-malaga .row{min-height:600px}body.page-id-26170 #hero.content-sentir-malaga .row h2{font-size:65px;margin-bottom:2.5rem;line-height:1}}\n<\/style>\n","protected":false},"excerpt":{"rendered":"","protected":false},"author":1,"featured_media":0,"parent":26143,"menu_order":0,"comment_status":"closed","ping_status":"closed","template":"","meta":{"_acf_changed":false,"inline_featured_image":false,"footnotes":""},"class_list":["post-26170","page","type-page","status-publish","hentry"],"acf":[],"yoast_head":"<!-- This site is optimized with the Yoast SEO plugin v27.4 - https:\/\/yoast.com\/product\/yoast-seo-wordpress\/ -->\n<title>Un homenaje a M\u00e1laga y su gente | Cervezas San Miguel | ES<\/title>\n<meta name=\"description\" content=\"San Miguel rinde homenaje a M\u00e1laga y su gente con una edici\u00f3n especial que refleja la esencia y orgullo malague\u00f1o.\" \/>\n<meta name=\"robots\" content=\"index, follow, max-snippet:-1, max-image-preview:large, max-video-preview:-1\" \/>\n<link rel=\"canonical\" href=\"https:\/\/www.sanmiguel.com\/es\/historia\/malaga-y-san-miguel-mas-de-50-anos-de-historia\/un-homenaje-a-malaga-y-su-gente\/\" \/>\n<meta property=\"og:locale\" content=\"es_ES\" \/>\n<meta property=\"og:type\" content=\"article\" \/>\n<meta property=\"og:title\" content=\"Un homenaje a M\u00e1laga y su gente | Cervezas San Miguel | ES\" \/>\n<meta property=\"og:description\" content=\"San Miguel rinde homenaje a M\u00e1laga y su gente con una edici\u00f3n especial que refleja la esencia y orgullo malague\u00f1o.\" \/>\n<meta property=\"og:url\" content=\"https:\/\/www.sanmiguel.com\/es\/historia\/malaga-y-san-miguel-mas-de-50-anos-de-historia\/un-homenaje-a-malaga-y-su-gente\/\" \/>\n<meta property=\"og:site_name\" content=\"Cervezas San Miguel | ES\" \/>\n<meta property=\"article:modified_time\" content=\"2025-12-22T07:18:23+00:00\" \/>\n<meta name=\"twitter:card\" content=\"summary_large_image\" \/>\n<meta name=\"twitter:label1\" content=\"Tiempo de lectura\" \/>\n\t<meta name=\"twitter:data1\" content=\"1 minuto\" \/>\n<script type=\"application\/ld+json\" class=\"yoast-schema-graph\">{\"@context\":\"https:\\\/\\\/schema.org\",\"@graph\":[{\"@type\":\"WebPage\",\"@id\":\"https:\\\/\\\/www.sanmiguel.com\\\/es\\\/historia\\\/malaga-y-san-miguel-mas-de-50-anos-de-historia\\\/un-homenaje-a-malaga-y-su-gente\\\/\",\"url\":\"https:\\\/\\\/www.sanmiguel.com\\\/es\\\/historia\\\/malaga-y-san-miguel-mas-de-50-anos-de-historia\\\/un-homenaje-a-malaga-y-su-gente\\\/\",\"name\":\"Un homenaje a M\u00e1laga y su gente | Cervezas San Miguel | ES\",\"isPartOf\":{\"@id\":\"https:\\\/\\\/www.sanmiguel.com\\\/es\\\/#website\"},\"datePublished\":\"2025-08-12T11:36:11+00:00\",\"dateModified\":\"2025-12-22T07:18:23+00:00\",\"description\":\"San Miguel rinde homenaje a M\u00e1laga y su gente con una edici\u00f3n especial que refleja la esencia y orgullo malague\u00f1o.\",\"breadcrumb\":{\"@id\":\"https:\\\/\\\/www.sanmiguel.com\\\/es\\\/historia\\\/malaga-y-san-miguel-mas-de-50-anos-de-historia\\\/un-homenaje-a-malaga-y-su-gente\\\/#breadcrumb\"},\"inLanguage\":\"es\",\"potentialAction\":[{\"@type\":\"ReadAction\",\"target\":[\"https:\\\/\\\/www.sanmiguel.com\\\/es\\\/historia\\\/malaga-y-san-miguel-mas-de-50-anos-de-historia\\\/un-homenaje-a-malaga-y-su-gente\\\/\"]}]},{\"@type\":\"BreadcrumbList\",\"@id\":\"https:\\\/\\\/www.sanmiguel.com\\\/es\\\/historia\\\/malaga-y-san-miguel-mas-de-50-anos-de-historia\\\/un-homenaje-a-malaga-y-su-gente\\\/#breadcrumb\",\"itemListElement\":[{\"@type\":\"ListItem\",\"position\":1,\"name\":\"Portada\",\"item\":\"https:\\\/\\\/www.sanmiguel.com\\\/es\\\/\"},{\"@type\":\"ListItem\",\"position\":2,\"name\":\"Historia 2024\",\"item\":\"https:\\\/\\\/www.sanmiguel.com\\\/es\\\/historia\\\/\"},{\"@type\":\"ListItem\",\"position\":3,\"name\":\"M\u00e1laga y San Miguel: 60 a\u00f1os de historia\u00a0\",\"item\":\"https:\\\/\\\/www.sanmiguel.com\\\/es\\\/historia\\\/malaga-y-san-miguel-mas-de-50-anos-de-historia\\\/\"},{\"@type\":\"ListItem\",\"position\":4,\"name\":\"Un homenaje a M\u00e1laga y su gente\"}]},{\"@type\":\"WebSite\",\"@id\":\"https:\\\/\\\/www.sanmiguel.com\\\/es\\\/#website\",\"url\":\"https:\\\/\\\/www.sanmiguel.com\\\/es\\\/\",\"name\":\"Cervezas San Miguel | ES\",\"description\":\"Bienvenidos Cerveceros Inquietos\",\"publisher\":{\"@id\":\"https:\\\/\\\/www.sanmiguel.com\\\/es\\\/#organization\"},\"potentialAction\":[{\"@type\":\"SearchAction\",\"target\":{\"@type\":\"EntryPoint\",\"urlTemplate\":\"https:\\\/\\\/www.sanmiguel.com\\\/es\\\/?s={search_term_string}\"},\"query-input\":{\"@type\":\"PropertyValueSpecification\",\"valueRequired\":true,\"valueName\":\"search_term_string\"}}],\"inLanguage\":\"es\"},{\"@type\":\"Organization\",\"@id\":\"https:\\\/\\\/www.sanmiguel.com\\\/es\\\/#organization\",\"name\":\"Cervezas San Miguel\",\"url\":\"https:\\\/\\\/www.sanmiguel.com\\\/es\\\/\",\"logo\":{\"@type\":\"ImageObject\",\"inLanguage\":\"es\",\"@id\":\"https:\\\/\\\/www.sanmiguel.com\\\/es\\\/#\\\/schema\\\/logo\\\/image\\\/\",\"url\":\"https:\\\/\\\/www.sanmiguel.com\\\/es\\\/wp-content\\\/uploads\\\/sites\\\/2\\\/2022\\\/06\\\/cervezas-san-miguel-logo.jpg\",\"contentUrl\":\"https:\\\/\\\/www.sanmiguel.com\\\/es\\\/wp-content\\\/uploads\\\/sites\\\/2\\\/2022\\\/06\\\/cervezas-san-miguel-logo.jpg\",\"width\":400,\"height\":400,\"caption\":\"Cervezas San Miguel\"},\"image\":{\"@id\":\"https:\\\/\\\/www.sanmiguel.com\\\/es\\\/#\\\/schema\\\/logo\\\/image\\\/\"}}]}<\/script>\n<!-- \/ Yoast SEO plugin. -->","yoast_head_json":{"title":"Un homenaje a M\u00e1laga y su gente | Cervezas San Miguel | ES","description":"San Miguel rinde homenaje a M\u00e1laga y su gente con una edici\u00f3n especial que refleja la esencia y orgullo malague\u00f1o.","robots":{"index":"index","follow":"follow","max-snippet":"max-snippet:-1","max-image-preview":"max-image-preview:large","max-video-preview":"max-video-preview:-1"},"canonical":"https:\/\/www.sanmiguel.com\/es\/historia\/malaga-y-san-miguel-mas-de-50-anos-de-historia\/un-homenaje-a-malaga-y-su-gente\/","og_locale":"es_ES","og_type":"article","og_title":"Un homenaje a M\u00e1laga y su gente | Cervezas San Miguel | ES","og_description":"San Miguel rinde homenaje a M\u00e1laga y su gente con una edici\u00f3n especial que refleja la esencia y orgullo malague\u00f1o.","og_url":"https:\/\/www.sanmiguel.com\/es\/historia\/malaga-y-san-miguel-mas-de-50-anos-de-historia\/un-homenaje-a-malaga-y-su-gente\/","og_site_name":"Cervezas San Miguel | ES","article_modified_time":"2025-12-22T07:18:23+00:00","twitter_card":"summary_large_image","twitter_misc":{"Tiempo de lectura":"1 minuto"},"schema":{"@context":"https:\/\/schema.org","@graph":[{"@type":"WebPage","@id":"https:\/\/www.sanmiguel.com\/es\/historia\/malaga-y-san-miguel-mas-de-50-anos-de-historia\/un-homenaje-a-malaga-y-su-gente\/","url":"https:\/\/www.sanmiguel.com\/es\/historia\/malaga-y-san-miguel-mas-de-50-anos-de-historia\/un-homenaje-a-malaga-y-su-gente\/","name":"Un homenaje a M\u00e1laga y su gente | Cervezas San Miguel | ES","isPartOf":{"@id":"https:\/\/www.sanmiguel.com\/es\/#website"},"datePublished":"2025-08-12T11:36:11+00:00","dateModified":"2025-12-22T07:18:23+00:00","description":"San Miguel rinde homenaje a M\u00e1laga y su gente con una edici\u00f3n especial que refleja la esencia y orgullo malague\u00f1o.","breadcrumb":{"@id":"https:\/\/www.sanmiguel.com\/es\/historia\/malaga-y-san-miguel-mas-de-50-anos-de-historia\/un-homenaje-a-malaga-y-su-gente\/#breadcrumb"},"inLanguage":"es","potentialAction":[{"@type":"ReadAction","target":["https:\/\/www.sanmiguel.com\/es\/historia\/malaga-y-san-miguel-mas-de-50-anos-de-historia\/un-homenaje-a-malaga-y-su-gente\/"]}]},{"@type":"BreadcrumbList","@id":"https:\/\/www.sanmiguel.com\/es\/historia\/malaga-y-san-miguel-mas-de-50-anos-de-historia\/un-homenaje-a-malaga-y-su-gente\/#breadcrumb","itemListElement":[{"@type":"ListItem","position":1,"name":"Portada","item":"https:\/\/www.sanmiguel.com\/es\/"},{"@type":"ListItem","position":2,"name":"Historia 2024","item":"https:\/\/www.sanmiguel.com\/es\/historia\/"},{"@type":"ListItem","position":3,"name":"M\u00e1laga y San Miguel: 60 a\u00f1os de historia\u00a0","item":"https:\/\/www.sanmiguel.com\/es\/historia\/malaga-y-san-miguel-mas-de-50-anos-de-historia\/"},{"@type":"ListItem","position":4,"name":"Un homenaje a M\u00e1laga y su gente"}]},{"@type":"WebSite","@id":"https:\/\/www.sanmiguel.com\/es\/#website","url":"https:\/\/www.sanmiguel.com\/es\/","name":"Cervezas San Miguel | ES","description":"Bienvenidos Cerveceros Inquietos","publisher":{"@id":"https:\/\/www.sanmiguel.com\/es\/#organization"},"potentialAction":[{"@type":"SearchAction","target":{"@type":"EntryPoint","urlTemplate":"https:\/\/www.sanmiguel.com\/es\/?s={search_term_string}"},"query-input":{"@type":"PropertyValueSpecification","valueRequired":true,"valueName":"search_term_string"}}],"inLanguage":"es"},{"@type":"Organization","@id":"https:\/\/www.sanmiguel.com\/es\/#organization","name":"Cervezas San Miguel","url":"https:\/\/www.sanmiguel.com\/es\/","logo":{"@type":"ImageObject","inLanguage":"es","@id":"https:\/\/www.sanmiguel.com\/es\/#\/schema\/logo\/image\/","url":"https:\/\/www.sanmiguel.com\/es\/wp-content\/uploads\/sites\/2\/2022\/06\/cervezas-san-miguel-logo.jpg","contentUrl":"https:\/\/www.sanmiguel.com\/es\/wp-content\/uploads\/sites\/2\/2022\/06\/cervezas-san-miguel-logo.jpg","width":400,"height":400,"caption":"Cervezas San Miguel"},"image":{"@id":"https:\/\/www.sanmiguel.com\/es\/#\/schema\/logo\/image\/"}}]}},"_links":{"self":[{"href":"https:\/\/www.sanmiguel.com\/es\/wp-json\/wp\/v2\/pages\/26170","targetHints":{"allow":["GET"]}}],"collection":[{"href":"https:\/\/www.sanmiguel.com\/es\/wp-json\/wp\/v2\/pages"}],"about":[{"href":"https:\/\/www.sanmiguel.com\/es\/wp-json\/wp\/v2\/types\/page"}],"author":[{"embeddable":true,"href":"https:\/\/www.sanmiguel.com\/es\/wp-json\/wp\/v2\/users\/1"}],"replies":[{"embeddable":true,"href":"https:\/\/www.sanmiguel.com\/es\/wp-json\/wp\/v2\/comments?post=26170"}],"version-history":[{"count":43,"href":"https:\/\/www.sanmiguel.com\/es\/wp-json\/wp\/v2\/pages\/26170\/revisions"}],"predecessor-version":[{"id":26426,"href":"https:\/\/www.sanmiguel.com\/es\/wp-json\/wp\/v2\/pages\/26170\/revisions\/26426"}],"up":[{"embeddable":true,"href":"https:\/\/www.sanmiguel.com\/es\/wp-json\/wp\/v2\/pages\/26143"}],"wp:attachment":[{"href":"https:\/\/www.sanmiguel.com\/es\/wp-json\/wp\/v2\/media?parent=26170"}],"curies":[{"name":"wp","href":"https:\/\/api.w.org\/{rel}","templated":true}]}}