{"id":26143,"date":"2025-08-12T10:28:16","date_gmt":"2025-08-12T10:28:16","guid":{"rendered":"https:\/\/www.sanmiguel.com\/es\/?page_id=26143"},"modified":"2026-02-18T12:03:49","modified_gmt":"2026-02-18T12:03:49","slug":"malaga-y-san-miguel-mas-de-50-anos-de-historia","status":"publish","type":"page","link":"https:\/\/www.sanmiguel.com\/es\/historia\/malaga-y-san-miguel-mas-de-50-anos-de-historia\/","title":{"rendered":"M\u00e1laga y San Miguel: 60 a\u00f1os de historia\u00a0"},"content":{"rendered":"\n  <style>.row.hero-slide-unique {min-height: 80vh;}@media(max-width:578px) {.row.hero-slide-unique {min-height:0;}}<\/style>\n  <div id=\"hero\" class=\"a container-fluid p-0 viewplay  content-cabecera \">\n    <div class=\"row no-gutters \">\n      <div class=\"hero-swiper-container swiper-container\">\n        <div class=\"swiper-wrapper\">\n                                  <div class=\"swiper-slide hero-slide style1\">\n                                                <div class=\"hero--img-wrapper imagen1 \">\n                                        <img decoding=\"async\" alt=\"M\u00e1laga y San Miguel: 60 a\u00f1os de historia\" data-fetch=\"1\" class=\"hero--img\" srcset=\"https:\/\/www.sanmiguel.com\/es\/wp-content\/uploads\/sites\/2\/2025\/08\/cabecera_malaga_landing-412x0-c-default.webp 412w,https:\/\/www.sanmiguel.com\/es\/wp-content\/uploads\/sites\/2\/2025\/08\/cabecera_malaga_landing-751x0-c-default.webp 751w,https:\/\/www.sanmiguel.com\/es\/wp-content\/uploads\/sites\/2\/2025\/08\/cabecera_malaga_landing-1536x0-c-default.webp 1536w,https:\/\/www.sanmiguel.com\/es\/wp-content\/uploads\/sites\/2\/2025\/08\/cabecera_malaga_landing-1920x0-c-default.webp 1920w\" sizes=\"(max-width: 500px) 412px, (min-width: 501px) and (max-width: 1366px) 751px, (min-width: 1367px) 1367px\" src=\"https:\/\/www.sanmiguel.com\/es\/wp-content\/uploads\/sites\/2\/2025\/08\/cabecera_malaga_landing-1536x0-c-default.webp\" fetchpriority=\"high\" \/>\n                                                                                                  <\/div>\n                                            <div class=\"hero--contenido  verde\"  >\n                \n                \n\n                                                                                                                          <h1 class=\"hero--titulo\" style=\"color:\">M\u00e1laga y San Miguel: 60 a\u00f1os de historia<\/h1>\n                                                                            \n                                  <div class=\"hero--texto\"><p>M\u00e1laga est\u00e1 ligada profundamente a San Miguel y no solo porque la elegimos como hogar para nuestra segunda f\u00e1brica en Espa\u00f1a hace 60 a\u00f1os. Su gente, su cultura, su deporte, tienen renglones imborrables en nuestra historia.<\/p>\n<\/div>\n                \n                \n                <div class=\"hero-buttons\">\n                                                <\/div>\n              <\/div>\n              <style>\n                @media screen and (max-width: 375px) {\n                    .boton2 {\n                       margin-top: 20px;\n                    }\n                }\n                @media screen and (width: 360px) {\n                    .boton2 {\n                       margin-top: 0px;\n                    }\n                }\n                @media screen and (min-width: 769px) and (max-width: 1340px) {\n                    .boton2 {\n                      margin-top: 20px;\n                    }\n                }\n              <\/style>\n                                                              \n                          <\/div>\n                  <\/div>\n        <div class=\"hero-pagination\"><\/div>\n        <div class=\"hero-prev swiper-button-prev\" aria-disabled=\"true\"><\/div>\n        <div class=\"hero-next swiper-button-next\" aria-disabled=\"true\"><\/div>\n      <\/div>\n    <\/div>\n  <\/div>\n<link rel=\"stylesheet\" href=\"\/wp-content\/themes\/sm2020\/assets\/js\/fancybox\/jquery.fancybox.min.css\" type=\"text\/css\" media=\"screen\">\n<script type=\"text\/javascript\" src=\"\/wp-content\/themes\/sm2020\/assets\/js\/fancybox\/jquery.fancybox.min.js\"><\/script>\n\n\n\r\n  <div class=\"bloque-titulo  \">\n    <div class=\"container-fluid p-0 \">\n      <div class=\"row no-gutters\">\n        <div class=\"bloque-titulo-seccion\">\n          <h2 class=\"titulo\">Sentir M\u00e1laga<\/h2>\n        <\/div>\n      <\/div>\n    <\/div>\n  <\/div>\n\n\n\n  <style>.row.hero-slide-unique {min-height: 80vh;}@media(max-width:578px) {.row.hero-slide-unique {min-height:0;}}<\/style>\n  <div id=\"hero\" class=\"a container-fluid p-0 viewplay  content-malaga-y-su-gente \">\n    <div class=\"row no-gutters \">\n      <div class=\"hero-swiper-container swiper-container\">\n        <div class=\"swiper-wrapper\">\n                                  <div class=\"swiper-slide hero-slide style1\">\n                                                <div class=\"hero--img-wrapper imagen1 \">\n                                        <img decoding=\"async\" alt=\"\" data-fetch=\"1\" class=\"hero--img\" srcset=\"https:\/\/www.sanmiguel.com\/es\/wp-content\/uploads\/sites\/2\/2025\/08\/malaga_y_su_gente-412x0-c-default.webp 412w,https:\/\/www.sanmiguel.com\/es\/wp-content\/uploads\/sites\/2\/2025\/08\/malaga_y_su_gente-751x0-c-default.webp 751w,https:\/\/www.sanmiguel.com\/es\/wp-content\/uploads\/sites\/2\/2025\/08\/malaga_y_su_gente-1536x0-c-default.webp 1536w,https:\/\/www.sanmiguel.com\/es\/wp-content\/uploads\/sites\/2\/2025\/08\/malaga_y_su_gente-1920x0-c-default.webp 1920w\" sizes=\"(max-width: 500px) 412px, (min-width: 501px) and (max-width: 1366px) 751px, (min-width: 1367px) 1367px\" src=\"https:\/\/www.sanmiguel.com\/es\/wp-content\/uploads\/sites\/2\/2025\/08\/malaga_y_su_gente-1536x0-c-default.webp\" fetchpriority=\"high\" \/>\n                                                                                                  <\/div>\n                                            <div class=\"hero--contenido  verde\"  >\n                \n                \n\n                                                  \n                                  <div class=\"hero--texto\"><p>M\u00e1laga son esas ganas de atreverse a vivir nada m\u00e1s ver este horizonte libre, este callej\u00f3n propicio, las barquillas valientes de Pedregalejo.\u00a0\u200b<\/p>\n<p>M\u00e1laga es atreverse a querer por todos lados el azul y blanco de La Rosaleda, volar con el himno de El Carpena y perderse por el encanto de El Perchel. De Huelin, a El Palo. De Gibralfaro al Pe\u00f1\u00f3n del Cuervo.\u00a0<\/p>\n<p>\u200bEste es nuestro homenaje a M\u00e1laga y su gente. A la ciudad de la luz que nos recibi\u00f3 con los brazos abiertos hace m\u00e1s de medio siglo.\u00a0\u00a0<\/p>\n<\/div>\n                \n                \n                <div class=\"hero-buttons\">\n                                                                                              <a href=\"https:\/\/www.sanmiguel.com\/es\/sentir-malaga\/\"  class=\"btn hero--btn\" title=\"Descubre m\u00e1s\">Descubre m\u00e1s<span class=\"icono icon-flecha_btn\"><\/span>\n                    <\/a>\n                                                                  <\/div>\n              <\/div>\n              <style>\n                @media screen and (max-width: 375px) {\n                    .boton2 {\n                       margin-top: 20px;\n                    }\n                }\n                @media screen and (width: 360px) {\n                    .boton2 {\n                       margin-top: 0px;\n                    }\n                }\n                @media screen and (min-width: 769px) and (max-width: 1340px) {\n                    .boton2 {\n                      margin-top: 20px;\n                    }\n                }\n              <\/style>\n                                                              \n                          <\/div>\n                  <\/div>\n        <div class=\"hero-pagination\"><\/div>\n        <div class=\"hero-prev swiper-button-prev\" aria-disabled=\"true\"><\/div>\n        <div class=\"hero-next swiper-button-next\" aria-disabled=\"true\"><\/div>\n      <\/div>\n    <\/div>\n  <\/div>\n<link rel=\"stylesheet\" href=\"\/wp-content\/themes\/sm2020\/assets\/js\/fancybox\/jquery.fancybox.min.css\" type=\"text\/css\" media=\"screen\">\n<script type=\"text\/javascript\" src=\"\/wp-content\/themes\/sm2020\/assets\/js\/fancybox\/jquery.fancybox.min.js\"><\/script>\n\n\n\r\n  <div class=\"bloque-titulo  \">\n    <div class=\"container-fluid p-0 \">\n      <div class=\"row no-gutters\">\n        <div class=\"bloque-titulo-seccion\">\n          <h2 class=\"titulo\">Edici\u00f3n especial<\/h2>\n        <\/div>\n      <\/div>\n    <\/div>\n  <\/div>\n\n\n\n  <style>.row.hero-slide-unique {min-height: 80vh;}@media(max-width:578px) {.row.hero-slide-unique {min-height:0;}}<\/style>\n  <div id=\"hero\" class=\"a container-fluid p-0 viewplay  content-homenaje \">\n    <div class=\"row no-gutters \">\n      <div class=\"hero-swiper-container swiper-container\">\n        <div class=\"swiper-wrapper\">\n                                  <div class=\"swiper-slide hero-slide style10\">\n                                                <div class=\"hero--img-wrapper imagen1 \">\n                                        <img decoding=\"async\" alt=\"\" data-fetch=\"1\" class=\"hero--img\" srcset=\"https:\/\/www.sanmiguel.com\/es\/wp-content\/uploads\/sites\/2\/2025\/08\/imagen-lata-homenaje-412x0-c-default.webp 412w,https:\/\/www.sanmiguel.com\/es\/wp-content\/uploads\/sites\/2\/2025\/08\/imagen-lata-homenaje-751x0-c-default.webp 751w,https:\/\/www.sanmiguel.com\/es\/wp-content\/uploads\/sites\/2\/2025\/08\/imagen-lata-homenaje-1536x0-c-default.webp 1536w,https:\/\/www.sanmiguel.com\/es\/wp-content\/uploads\/sites\/2\/2025\/08\/imagen-lata-homenaje-1920x0-c-default.webp 1920w\" sizes=\"(max-width: 500px) 412px, (min-width: 501px) and (max-width: 1366px) 751px, (min-width: 1367px) 1367px\" src=\"https:\/\/www.sanmiguel.com\/es\/wp-content\/uploads\/sites\/2\/2025\/08\/imagen-lata-homenaje-1536x0-c-default.webp\" fetchpriority=\"high\" \/>\n                                                                                                  <\/div>\n                                            <div class=\"hero--contenido  verde\"  >\n                \n                \n\n                                                  \n                                  <div class=\"hero--texto\"><p>Desde San Miguel rendimos homenaje a M\u00e1laga con una edici\u00f3n muy especial. Una colecci\u00f3n \u00fanica que recoge todo lo que nos hace sentir M\u00e1laga. Hazte con la tuya en tu bar favorito de San Miguel o en nuestra tienda online.\u00a0<\/p>\n<\/div>\n                \n                \n                <div class=\"hero-buttons\">\n                                                                                              <a href=\"https:\/\/www.sanmiguel.com\/es\/historia\/malaga-y-san-miguel-mas-de-50-anos-de-historia\/un-homenaje-a-malaga-y-su-gente\/\"  class=\"btn hero--btn\" title=\"La quiero\">La quiero<span class=\"icono icon-flecha_btn\"><\/span>\n                    <\/a>\n                                                                  <\/div>\n              <\/div>\n              <style>\n                @media screen and (max-width: 375px) {\n                    .boton2 {\n                       margin-top: 20px;\n                    }\n                }\n                @media screen and (width: 360px) {\n                    .boton2 {\n                       margin-top: 0px;\n                    }\n                }\n                @media screen and (min-width: 769px) and (max-width: 1340px) {\n                    .boton2 {\n                      margin-top: 20px;\n                    }\n                }\n              <\/style>\n                                                              \n                          <\/div>\n                  <\/div>\n        <div class=\"hero-pagination\"><\/div>\n        <div class=\"hero-prev swiper-button-prev\" aria-disabled=\"true\"><\/div>\n        <div class=\"hero-next swiper-button-next\" aria-disabled=\"true\"><\/div>\n      <\/div>\n    <\/div>\n  <\/div>\n<link rel=\"stylesheet\" href=\"\/wp-content\/themes\/sm2020\/assets\/js\/fancybox\/jquery.fancybox.min.css\" type=\"text\/css\" media=\"screen\">\n<script type=\"text\/javascript\" src=\"\/wp-content\/themes\/sm2020\/assets\/js\/fancybox\/jquery.fancybox.min.js\"><\/script>\n\n\n\r\n  <div class=\"bloque-titulo  \">\n    <div class=\"container-fluid p-0 \">\n      <div class=\"row no-gutters\">\n        <div class=\"bloque-titulo-seccion\">\n          <h2 class=\"titulo\">La F\u00e1brica<\/h2>\n        <\/div>\n      <\/div>\n    <\/div>\n  <\/div>\n\n\n\n  <style>.row.hero-slide-unique {min-height: 80vh;}@media(max-width:578px) {.row.hero-slide-unique {min-height:0;}}<\/style>\n  <div id=\"hero\" class=\"a container-fluid p-0 viewplay  content-fabrica \">\n    <div class=\"row no-gutters \">\n      <div class=\"hero-swiper-container swiper-container\">\n        <div class=\"swiper-wrapper\">\n                                  <div class=\"swiper-slide hero-slide style1\">\n                                                <div class=\"hero--img-wrapper imagen1 \">\n                                        <img decoding=\"async\" alt=\"\" data-fetch=\"1\" class=\"hero--img\" srcset=\"https:\/\/www.sanmiguel.com\/es\/wp-content\/uploads\/sites\/2\/2025\/09\/sanmiguel-fabrica-malaga-412x0-c-default.webp 412w,https:\/\/www.sanmiguel.com\/es\/wp-content\/uploads\/sites\/2\/2025\/09\/sanmiguel-fabrica-malaga-751x0-c-default.webp 751w,https:\/\/www.sanmiguel.com\/es\/wp-content\/uploads\/sites\/2\/2025\/09\/sanmiguel-fabrica-malaga-1536x0-c-default.webp 1536w,https:\/\/www.sanmiguel.com\/es\/wp-content\/uploads\/sites\/2\/2025\/09\/sanmiguel-fabrica-malaga-1920x0-c-default.webp 1920w\" sizes=\"(max-width: 500px) 412px, (min-width: 501px) and (max-width: 1366px) 751px, (min-width: 1367px) 1367px\" src=\"https:\/\/www.sanmiguel.com\/es\/wp-content\/uploads\/sites\/2\/2025\/09\/sanmiguel-fabrica-malaga-1536x0-c-default.webp\" fetchpriority=\"high\" \/>\n                                                                                                  <\/div>\n                                            <div class=\"hero--contenido  verde\"  >\n                \n                \n\n                                                  \n                                  <div class=\"hero--texto\"><p>En 1966, en pleno proceso de expansi\u00f3n, San Miguel inaugur\u00f3 su segunda f\u00e1brica en Espa\u00f1a, eligiendo M\u00e1laga como su nuevo hogar. Desde entonces, la conexi\u00f3n que ya ten\u00edamos con la ciudad se ha hecho mucho m\u00e1s profunda y duradera, formando parte de la vida de los malague\u00f1os y compartiendo esa energ\u00eda y forma de vivir tan aut\u00e9ntica. <\/p>\n<p>Desde su apertura la f\u00e1brica de San Miguel se ha convertido en un centro de producci\u00f3n puntero a nivel tecnol\u00f3gico, empresarial y social dentro de la ciudad andaluza.\u00a0<\/p>\n<\/div>\n                \n                \n                <div class=\"hero-buttons\">\n                                                <\/div>\n              <\/div>\n              <style>\n                @media screen and (max-width: 375px) {\n                    .boton2 {\n                       margin-top: 20px;\n                    }\n                }\n                @media screen and (width: 360px) {\n                    .boton2 {\n                       margin-top: 0px;\n                    }\n                }\n                @media screen and (min-width: 769px) and (max-width: 1340px) {\n                    .boton2 {\n                      margin-top: 20px;\n                    }\n                }\n              <\/style>\n                                                              \n                          <\/div>\n                  <\/div>\n        <div class=\"hero-pagination\"><\/div>\n        <div class=\"hero-prev swiper-button-prev\" aria-disabled=\"true\"><\/div>\n        <div class=\"hero-next swiper-button-next\" aria-disabled=\"true\"><\/div>\n      <\/div>\n    <\/div>\n  <\/div>\n<link rel=\"stylesheet\" href=\"\/wp-content\/themes\/sm2020\/assets\/js\/fancybox\/jquery.fancybox.min.css\" type=\"text\/css\" media=\"screen\">\n<script type=\"text\/javascript\" src=\"\/wp-content\/themes\/sm2020\/assets\/js\/fancybox\/jquery.fancybox.min.js\"><\/script>\n\n\n\r\n  <div class=\"bloque-titulo  \">\n    <div class=\"container-fluid p-0 \">\n      <div class=\"row no-gutters\">\n        <div class=\"bloque-titulo-seccion\">\n          <h2 class=\"titulo\">Una ciudad, un equipo, una cerveza\u00a0<\/h2>\n        <\/div>\n      <\/div>\n    <\/div>\n  <\/div>\n\n\n\n  <style>.row.hero-slide-unique {min-height: 80vh;}@media(max-width:578px) {.row.hero-slide-unique {min-height:0;}}<\/style>\n  <div id=\"hero\" class=\"a container-fluid p-0 viewplay  content-malaga-fc \">\n    <div class=\"row no-gutters \">\n      <div class=\"hero-swiper-container swiper-container\">\n        <div class=\"swiper-wrapper\">\n                                  <div class=\"swiper-slide hero-slide style10\">\n                                                <div class=\"hero--img-wrapper imagen1 \">\n                                        <img decoding=\"async\" alt=\"\" data-fetch=\"1\" class=\"hero--img\" srcset=\"https:\/\/www.sanmiguel.com\/es\/wp-content\/uploads\/sites\/2\/2025\/08\/malaga_fc-412x0-c-default.webp 412w,https:\/\/www.sanmiguel.com\/es\/wp-content\/uploads\/sites\/2\/2025\/08\/malaga_fc-751x0-c-default.webp 751w,https:\/\/www.sanmiguel.com\/es\/wp-content\/uploads\/sites\/2\/2025\/08\/malaga_fc-1536x0-c-default.webp 1536w,https:\/\/www.sanmiguel.com\/es\/wp-content\/uploads\/sites\/2\/2025\/08\/malaga_fc-1920x0-c-default.webp 1920w\" sizes=\"(max-width: 500px) 412px, (min-width: 501px) and (max-width: 1366px) 751px, (min-width: 1367px) 1367px\" src=\"https:\/\/www.sanmiguel.com\/es\/wp-content\/uploads\/sites\/2\/2025\/08\/malaga_fc-1536x0-c-default.webp\" fetchpriority=\"high\" \/>\n                                                                                                  <\/div>\n                                            <div class=\"hero--contenido  verde\"  >\n                \n                \n\n                                                  \n                                  <div class=\"hero--texto\"><p>Cervezas San Miguel lleva 60 a\u00f1os apostando por el M\u00e1laga CF y sus malaguistas. En este periodo, el equipo ha vivido todo tipo de circunstancias futbol\u00edsticas; desde su glorioso pase por la Champions League en 2012 hasta el descenso a primera RFEF. Y Cervezas San Miguel siempre ha estado a su lado de manera inquebrantable. Una relaci\u00f3n incondicional.<\/p>\n<\/div>\n                \n                \n                <div class=\"hero-buttons\">\n                                                                                              <a href=\"https:\/\/www.sanmiguel.com\/es\/ocio\/futbol\/malaga-cf\/\"  class=\"btn hero--btn\" title=\"Ver m\u00e1s\">Ver m\u00e1s<span class=\"icono icon-flecha_btn\"><\/span>\n                    <\/a>\n                                                                  <\/div>\n              <\/div>\n              <style>\n                @media screen and (max-width: 375px) {\n                    .boton2 {\n                       margin-top: 20px;\n                    }\n                }\n                @media screen and (width: 360px) {\n                    .boton2 {\n                       margin-top: 0px;\n                    }\n                }\n                @media screen and (min-width: 769px) and (max-width: 1340px) {\n                    .boton2 {\n                      margin-top: 20px;\n                    }\n                }\n              <\/style>\n                                                              \n                          <\/div>\n                  <\/div>\n        <div class=\"hero-pagination\"><\/div>\n        <div class=\"hero-prev swiper-button-prev\" aria-disabled=\"true\"><\/div>\n        <div class=\"hero-next swiper-button-next\" aria-disabled=\"true\"><\/div>\n      <\/div>\n    <\/div>\n  <\/div>\n<link rel=\"stylesheet\" href=\"\/wp-content\/themes\/sm2020\/assets\/js\/fancybox\/jquery.fancybox.min.css\" type=\"text\/css\" media=\"screen\">\n<script type=\"text\/javascript\" src=\"\/wp-content\/themes\/sm2020\/assets\/js\/fancybox\/jquery.fancybox.min.js\"><\/script>\n\n\n\n<style>\nbody.page-id-26143 #hero.content-cabecera .hero--contenido.verde{background-color:#13322B}body.page-id-26143 .bloque-titulo{background-color:#A88A65}body.page-id-26143 .bloque-titulo h2{color:#E8E1D5}body.page-id-26143 #hero.content-fabrica .hero--contenido.verde,body.page-id-26143 #hero.content-homenaje .hero--contenido.verde,body.page-id-26143 #hero.content-malaga-fc .hero--contenido.verde,body.page-id-26143 #hero.content-malaga-y-su-gente .hero--contenido.verde{background-color:#D7CBB7}body.page-id-26143 #hero.content-fabrica .hero--contenido.verde p,body.page-id-26143 #hero.content-homenaje .hero--contenido.verde p,body.page-id-26143 #hero.content-malaga-fc .hero--contenido.verde p,body.page-id-26143 #hero.content-malaga-y-su-gente .hero--contenido.verde p{color:#13322B}body.page-id-26143 #hero.content-fabrica .hero--contenido.verde .btn,body.page-id-26143 #hero.content-homenaje .hero--contenido.verde .btn,body.page-id-26143 #hero.content-malaga-fc .hero--contenido.verde .btn,body.page-id-26143 #hero.content-malaga-y-su-gente .hero--contenido.verde .btn{background-color:#13322B}@media (min-width:992px){body.page-id-26143 #hero.content-cabecera{min-height:750px}body.page-id-26143 #hero.content-cabecera .row{min-height:750px}body.page-id-26143 #hero.content-fabrica,body.page-id-26143 #hero.content-homenaje,body.page-id-26143 #hero.content-malaga-fc,body.page-id-26143 #hero.content-malaga-y-su-gente{min-height:550px}body.page-id-26143 #hero.content-fabrica .row,body.page-id-26143 #hero.content-homenaje .row,body.page-id-26143 #hero.content-malaga-fc .row,body.page-id-26143 #hero.content-malaga-y-su-gente .row{min-height:550px}}\n<\/style>\n","protected":false},"excerpt":{"rendered":"","protected":false},"author":1,"featured_media":0,"parent":22129,"menu_order":0,"comment_status":"closed","ping_status":"closed","template":"","meta":{"_acf_changed":false,"inline_featured_image":false,"footnotes":""},"class_list":["post-26143","page","type-page","status-publish","hentry"],"acf":[],"yoast_head":"<!-- This site is optimized with the Yoast SEO plugin v27.4 - https:\/\/yoast.com\/product\/yoast-seo-wordpress\/ -->\n<title>M\u00e1laga y San Miguel: 60 a\u00f1os de historia\u00a0 | Cervezas San Miguel | ES<\/title>\n<meta name=\"description\" content=\"Descubre la historia entre Cervezas San Miguel y M\u00e1laga: una f\u00e1brica pionera que se convirti\u00f3 en parte vital de la ciudad, su cultura y su gente.\" \/>\n<meta name=\"robots\" content=\"index, follow, max-snippet:-1, max-image-preview:large, max-video-preview:-1\" \/>\n<link rel=\"canonical\" href=\"https:\/\/www.sanmiguel.com\/es\/historia\/malaga-y-san-miguel-mas-de-50-anos-de-historia\/\" \/>\n<meta property=\"og:locale\" content=\"es_ES\" \/>\n<meta property=\"og:type\" content=\"article\" \/>\n<meta property=\"og:title\" content=\"M\u00e1laga y San Miguel: 60 a\u00f1os de historia\u00a0 | Cervezas San Miguel | ES\" \/>\n<meta property=\"og:description\" content=\"Descubre la historia entre Cervezas San Miguel y M\u00e1laga: una f\u00e1brica pionera que se convirti\u00f3 en parte vital de la ciudad, su cultura y su gente.\" \/>\n<meta property=\"og:url\" content=\"https:\/\/www.sanmiguel.com\/es\/historia\/malaga-y-san-miguel-mas-de-50-anos-de-historia\/\" \/>\n<meta property=\"og:site_name\" content=\"Cervezas San Miguel | ES\" \/>\n<meta property=\"article:modified_time\" content=\"2026-02-18T12:03:49+00:00\" \/>\n<meta name=\"twitter:card\" content=\"summary_large_image\" \/>\n<meta name=\"twitter:label1\" content=\"Tiempo de lectura\" \/>\n\t<meta name=\"twitter:data1\" content=\"1 minuto\" \/>\n<script type=\"application\/ld+json\" class=\"yoast-schema-graph\">{\"@context\":\"https:\\\/\\\/schema.org\",\"@graph\":[{\"@type\":\"WebPage\",\"@id\":\"https:\\\/\\\/www.sanmiguel.com\\\/es\\\/historia\\\/malaga-y-san-miguel-mas-de-50-anos-de-historia\\\/\",\"url\":\"https:\\\/\\\/www.sanmiguel.com\\\/es\\\/historia\\\/malaga-y-san-miguel-mas-de-50-anos-de-historia\\\/\",\"name\":\"M\u00e1laga y San Miguel: 60 a\u00f1os de historia\u00a0 | Cervezas San Miguel | ES\",\"isPartOf\":{\"@id\":\"https:\\\/\\\/www.sanmiguel.com\\\/es\\\/#website\"},\"datePublished\":\"2025-08-12T10:28:16+00:00\",\"dateModified\":\"2026-02-18T12:03:49+00:00\",\"description\":\"Descubre la historia entre Cervezas San Miguel y M\u00e1laga: una f\u00e1brica pionera que se convirti\u00f3 en parte vital de la ciudad, su cultura y su gente.\",\"breadcrumb\":{\"@id\":\"https:\\\/\\\/www.sanmiguel.com\\\/es\\\/historia\\\/malaga-y-san-miguel-mas-de-50-anos-de-historia\\\/#breadcrumb\"},\"inLanguage\":\"es\",\"potentialAction\":[{\"@type\":\"ReadAction\",\"target\":[\"https:\\\/\\\/www.sanmiguel.com\\\/es\\\/historia\\\/malaga-y-san-miguel-mas-de-50-anos-de-historia\\\/\"]}]},{\"@type\":\"BreadcrumbList\",\"@id\":\"https:\\\/\\\/www.sanmiguel.com\\\/es\\\/historia\\\/malaga-y-san-miguel-mas-de-50-anos-de-historia\\\/#breadcrumb\",\"itemListElement\":[{\"@type\":\"ListItem\",\"position\":1,\"name\":\"Portada\",\"item\":\"https:\\\/\\\/www.sanmiguel.com\\\/es\\\/\"},{\"@type\":\"ListItem\",\"position\":2,\"name\":\"Historia 2024\",\"item\":\"https:\\\/\\\/www.sanmiguel.com\\\/es\\\/historia\\\/\"},{\"@type\":\"ListItem\",\"position\":3,\"name\":\"M\u00e1laga y San Miguel: 60 a\u00f1os de historia\u00a0\"}]},{\"@type\":\"WebSite\",\"@id\":\"https:\\\/\\\/www.sanmiguel.com\\\/es\\\/#website\",\"url\":\"https:\\\/\\\/www.sanmiguel.com\\\/es\\\/\",\"name\":\"Cervezas San Miguel | ES\",\"description\":\"Bienvenidos Cerveceros Inquietos\",\"publisher\":{\"@id\":\"https:\\\/\\\/www.sanmiguel.com\\\/es\\\/#organization\"},\"potentialAction\":[{\"@type\":\"SearchAction\",\"target\":{\"@type\":\"EntryPoint\",\"urlTemplate\":\"https:\\\/\\\/www.sanmiguel.com\\\/es\\\/?s={search_term_string}\"},\"query-input\":{\"@type\":\"PropertyValueSpecification\",\"valueRequired\":true,\"valueName\":\"search_term_string\"}}],\"inLanguage\":\"es\"},{\"@type\":\"Organization\",\"@id\":\"https:\\\/\\\/www.sanmiguel.com\\\/es\\\/#organization\",\"name\":\"Cervezas San Miguel\",\"url\":\"https:\\\/\\\/www.sanmiguel.com\\\/es\\\/\",\"logo\":{\"@type\":\"ImageObject\",\"inLanguage\":\"es\",\"@id\":\"https:\\\/\\\/www.sanmiguel.com\\\/es\\\/#\\\/schema\\\/logo\\\/image\\\/\",\"url\":\"https:\\\/\\\/www.sanmiguel.com\\\/es\\\/wp-content\\\/uploads\\\/sites\\\/2\\\/2022\\\/06\\\/cervezas-san-miguel-logo.jpg\",\"contentUrl\":\"https:\\\/\\\/www.sanmiguel.com\\\/es\\\/wp-content\\\/uploads\\\/sites\\\/2\\\/2022\\\/06\\\/cervezas-san-miguel-logo.jpg\",\"width\":400,\"height\":400,\"caption\":\"Cervezas San Miguel\"},\"image\":{\"@id\":\"https:\\\/\\\/www.sanmiguel.com\\\/es\\\/#\\\/schema\\\/logo\\\/image\\\/\"}}]}<\/script>\n<!-- \/ Yoast SEO plugin. -->","yoast_head_json":{"title":"M\u00e1laga y San Miguel: 60 a\u00f1os de historia\u00a0 | Cervezas San Miguel | ES","description":"Descubre la historia entre Cervezas San Miguel y M\u00e1laga: una f\u00e1brica pionera que se convirti\u00f3 en parte vital de la ciudad, su cultura y su gente.","robots":{"index":"index","follow":"follow","max-snippet":"max-snippet:-1","max-image-preview":"max-image-preview:large","max-video-preview":"max-video-preview:-1"},"canonical":"https:\/\/www.sanmiguel.com\/es\/historia\/malaga-y-san-miguel-mas-de-50-anos-de-historia\/","og_locale":"es_ES","og_type":"article","og_title":"M\u00e1laga y San Miguel: 60 a\u00f1os de historia\u00a0 | Cervezas San Miguel | ES","og_description":"Descubre la historia entre Cervezas San Miguel y M\u00e1laga: una f\u00e1brica pionera que se convirti\u00f3 en parte vital de la ciudad, su cultura y su gente.","og_url":"https:\/\/www.sanmiguel.com\/es\/historia\/malaga-y-san-miguel-mas-de-50-anos-de-historia\/","og_site_name":"Cervezas San Miguel | ES","article_modified_time":"2026-02-18T12:03:49+00:00","twitter_card":"summary_large_image","twitter_misc":{"Tiempo de lectura":"1 minuto"},"schema":{"@context":"https:\/\/schema.org","@graph":[{"@type":"WebPage","@id":"https:\/\/www.sanmiguel.com\/es\/historia\/malaga-y-san-miguel-mas-de-50-anos-de-historia\/","url":"https:\/\/www.sanmiguel.com\/es\/historia\/malaga-y-san-miguel-mas-de-50-anos-de-historia\/","name":"M\u00e1laga y San Miguel: 60 a\u00f1os de historia\u00a0 | Cervezas San Miguel | ES","isPartOf":{"@id":"https:\/\/www.sanmiguel.com\/es\/#website"},"datePublished":"2025-08-12T10:28:16+00:00","dateModified":"2026-02-18T12:03:49+00:00","description":"Descubre la historia entre Cervezas San Miguel y M\u00e1laga: una f\u00e1brica pionera que se convirti\u00f3 en parte vital de la ciudad, su cultura y su gente.","breadcrumb":{"@id":"https:\/\/www.sanmiguel.com\/es\/historia\/malaga-y-san-miguel-mas-de-50-anos-de-historia\/#breadcrumb"},"inLanguage":"es","potentialAction":[{"@type":"ReadAction","target":["https:\/\/www.sanmiguel.com\/es\/historia\/malaga-y-san-miguel-mas-de-50-anos-de-historia\/"]}]},{"@type":"BreadcrumbList","@id":"https:\/\/www.sanmiguel.com\/es\/historia\/malaga-y-san-miguel-mas-de-50-anos-de-historia\/#breadcrumb","itemListElement":[{"@type":"ListItem","position":1,"name":"Portada","item":"https:\/\/www.sanmiguel.com\/es\/"},{"@type":"ListItem","position":2,"name":"Historia 2024","item":"https:\/\/www.sanmiguel.com\/es\/historia\/"},{"@type":"ListItem","position":3,"name":"M\u00e1laga y San Miguel: 60 a\u00f1os de historia\u00a0"}]},{"@type":"WebSite","@id":"https:\/\/www.sanmiguel.com\/es\/#website","url":"https:\/\/www.sanmiguel.com\/es\/","name":"Cervezas San Miguel | ES","description":"Bienvenidos Cerveceros Inquietos","publisher":{"@id":"https:\/\/www.sanmiguel.com\/es\/#organization"},"potentialAction":[{"@type":"SearchAction","target":{"@type":"EntryPoint","urlTemplate":"https:\/\/www.sanmiguel.com\/es\/?s={search_term_string}"},"query-input":{"@type":"PropertyValueSpecification","valueRequired":true,"valueName":"search_term_string"}}],"inLanguage":"es"},{"@type":"Organization","@id":"https:\/\/www.sanmiguel.com\/es\/#organization","name":"Cervezas San Miguel","url":"https:\/\/www.sanmiguel.com\/es\/","logo":{"@type":"ImageObject","inLanguage":"es","@id":"https:\/\/www.sanmiguel.com\/es\/#\/schema\/logo\/image\/","url":"https:\/\/www.sanmiguel.com\/es\/wp-content\/uploads\/sites\/2\/2022\/06\/cervezas-san-miguel-logo.jpg","contentUrl":"https:\/\/www.sanmiguel.com\/es\/wp-content\/uploads\/sites\/2\/2022\/06\/cervezas-san-miguel-logo.jpg","width":400,"height":400,"caption":"Cervezas San Miguel"},"image":{"@id":"https:\/\/www.sanmiguel.com\/es\/#\/schema\/logo\/image\/"}}]}},"_links":{"self":[{"href":"https:\/\/www.sanmiguel.com\/es\/wp-json\/wp\/v2\/pages\/26143","targetHints":{"allow":["GET"]}}],"collection":[{"href":"https:\/\/www.sanmiguel.com\/es\/wp-json\/wp\/v2\/pages"}],"about":[{"href":"https:\/\/www.sanmiguel.com\/es\/wp-json\/wp\/v2\/types\/page"}],"author":[{"embeddable":true,"href":"https:\/\/www.sanmiguel.com\/es\/wp-json\/wp\/v2\/users\/1"}],"replies":[{"embeddable":true,"href":"https:\/\/www.sanmiguel.com\/es\/wp-json\/wp\/v2\/comments?post=26143"}],"version-history":[{"count":43,"href":"https:\/\/www.sanmiguel.com\/es\/wp-json\/wp\/v2\/pages\/26143\/revisions"}],"predecessor-version":[{"id":27854,"href":"https:\/\/www.sanmiguel.com\/es\/wp-json\/wp\/v2\/pages\/26143\/revisions\/27854"}],"up":[{"embeddable":true,"href":"https:\/\/www.sanmiguel.com\/es\/wp-json\/wp\/v2\/pages\/22129"}],"wp:attachment":[{"href":"https:\/\/www.sanmiguel.com\/es\/wp-json\/wp\/v2\/media?parent=26143"}],"curies":[{"name":"wp","href":"https:\/\/api.w.org\/{rel}","templated":true}]}}