{"id":24521,"date":"2025-05-22T06:55:15","date_gmt":"2025-05-22T06:55:15","guid":{"rendered":"https:\/\/www.sanmiguel.com\/es\/?page_id=24521"},"modified":"2025-06-27T09:16:08","modified_gmt":"2025-06-27T09:16:08","slug":"sentir-malaga","status":"publish","type":"page","link":"https:\/\/www.sanmiguel.com\/es\/sentir-malaga\/","title":{"rendered":"Sentir M\u00e1laga"},"content":{"rendered":"\n  <div class=\"video-full-width\" style=\"\">\n        <div class=\"video-content\" style=\"background-image:url(https:\/\/www.sanmiguel.com\/es\/wp-content\/uploads\/sites\/2\/2025\/05\/sentir-malaga-cab-1.jpg)\">\n            <img decoding=\"async\" class=\"play_video js-play-video playcenter\" src=\"\/es\/wp-content\/themes\/sm2020\/assets\/images\/btnplay.png\" alt=\"Play\"\/>\n      <div\n        class=\"info_video\">\n                                          <img decoding=\"async\" class=\"play_video js-play-video\" src=\"\/es\/wp-content\/themes\/sm2020\/assets\/images\/btnplay.png\" alt=\"Play\"\/>\n              <\/div>\n              <div class=\"plyr__video-embed\" id=\"player\">\n                    <iframe src=\"https:\/\/www.youtube.com\/embed\/sBX5f9QbY_k?origin=https:\/\/plyr.io&amp;iv_load_policy=3&amp;modestbranding=1&amp;playsinline=1&amp;showinfo=0&amp;rel=0&amp;enablejsapi=1\" allowfullscreen allowtransparency allow=\"autoplay\"><\/iframe>\n        <\/div>\n          <\/div>\n  <\/div>\n\n\n\n<style>\n.video-full-width { padding: 0!important;}\n<\/style>\n\n\n\n<div class=\"sentir-malaga-intro\">\n    <div class=\"sentir-malaga-container\">\n        <img decoding=\"async\" src=\"https:\/\/www.sanmiguel.com\/es\/wp-content\/uploads\/sites\/2\/2025\/05\/sentir-malaga-logo.png\" alt=\"Sentir M\u00e1laga\" class=\"sentir-malaga-intro__logo\">\n        <p>M\u00e1laga son esas ganas de atreverse a vivir nada m\u00e1s ver este horizonte libre, este callej\u00f3n propicio, las barquillas valientes de Pedregalejo.<\/p>\n        <p>M\u00e1laga es ATREVERSE a querer por todos lados el azul y blanco de La Rosaleda, volar con el himno de El Carpena y perderse por el encanto de El Perchel. De Huelin, a El Palo. De Gibralfaro al Pe\u00f1\u00f3n del Cuervo.<\/p>\n        <p>M\u00e1laga es atreverse a vivir las mil historias del Soho y el Sohrlin. Y dejarse llevar por La Feria. Donde nunca sabes qu\u00e9 pasar\u00e1, pero sabes que algo bonito pasar\u00e1\u2026 Como esa San Miguel que va por todos los lugares para volver siempre a su lugar. Sentir M\u00e1laga es el arte de atreverse a vivir con los brazos abiertos.<\/p>\n<h1>Sentir M\u00e1laga<\/h1>\n        <img decoding=\"async\" src=\"https:\/\/www.sanmiguel.com\/es\/wp-content\/uploads\/sites\/2\/2025\/05\/sentir-malaga-seekers.png\" alt=\"Sentir M\u00e1laga\" class=\"sentir-malaga-intro__seekers\">\n    <\/div>\n\n<\/div>\n\n<style>\n    .sentir-malaga-intro { background: #13322B; padding: 60px 2rem; color: #E8E1D5; text-align: center; font-size: 20px; line-height: 1.3; }\n    .sentir-malaga-container { width: 100%; max-width: 1168px; margin: 0 auto; }\n    .sentir-malaga-intro__logo { width: 100%; display: block; max-width: 531px; margin: 0 auto 40px auto;}\n    .sentir-malaga-intro__seekers { width: 100%; display: block; max-width: 160px; margin: 40px auto 0 auto}\n    .sentir-malaga-container p { margin: 2rem auto;}\n<\/style>\n\n\n\n  <style>.row.hero-slide-unique {min-height: 80vh;}@media(max-width:578px) {.row.hero-slide-unique {min-height:0;}}<\/style>\n  <div id=\"hero\" class=\"a container-fluid p-0 viewplay \">\n    <div class=\"row no-gutters \">\n      <div class=\"hero-swiper-container swiper-container\">\n        <div class=\"swiper-wrapper\">\n                                  <div class=\"swiper-slide hero-slide style1\">\n                                                <div class=\"hero--img-wrapper imagen1 \">\n                                        <img decoding=\"async\" alt=\"Una edici\u00f3n muy especial para una ciudad muy especial\" data-fetch=\"1\" class=\"hero--img\" srcset=\"https:\/\/www.sanmiguel.com\/es\/wp-content\/uploads\/sites\/2\/2025\/05\/sentir-malaga-cervezas-412x0-c-default.webp 412w,https:\/\/www.sanmiguel.com\/es\/wp-content\/uploads\/sites\/2\/2025\/05\/sentir-malaga-cervezas-751x0-c-default.webp 751w,https:\/\/www.sanmiguel.com\/es\/wp-content\/uploads\/sites\/2\/2025\/05\/sentir-malaga-cervezas-1536x0-c-default.webp 1536w,https:\/\/www.sanmiguel.com\/es\/wp-content\/uploads\/sites\/2\/2025\/05\/sentir-malaga-cervezas-1920x0-c-default.webp 1920w\" sizes=\"(max-width: 500px) 412px, (min-width: 501px) and (max-width: 1366px) 751px, (min-width: 1367px) 1367px\" src=\"https:\/\/www.sanmiguel.com\/es\/wp-content\/uploads\/sites\/2\/2025\/05\/sentir-malaga-cervezas-1536x0-c-default.webp\" fetchpriority=\"high\" \/>\n                                                                                                  <\/div>\n                                            <div class=\"hero--contenido  marron_san_miguel\"   style=\"background-color:#d7cbb7\" >\n                \n                \n\n                                                                                                                          <h2 class=\"hero--titulo\" style=\"color:\">Una edici\u00f3n muy especial para una ciudad muy especial<\/h2>\n                                                                            \n                                  <div class=\"hero--texto\"><p>Siete botellas \u00fanicas para celebrar todo lo que nos hace Sentir M\u00e1laga. Hazte con las tuyas en tu bar favorito de San Miguel.<\/p>\n<\/div>\n                \n                \n                <div class=\"hero-buttons\">\n                                                <\/div>\n              <\/div>\n              <style>\n                @media screen and (max-width: 375px) {\n                    .boton2 {\n                       margin-top: 20px;\n                    }\n                }\n                @media screen and (width: 360px) {\n                    .boton2 {\n                       margin-top: 0px;\n                    }\n                }\n                @media screen and (min-width: 769px) and (max-width: 1340px) {\n                    .boton2 {\n                      margin-top: 20px;\n                    }\n                }\n              <\/style>\n                                                              \n                          <\/div>\n                  <\/div>\n        <div class=\"hero-pagination\"><\/div>\n        <div class=\"hero-prev swiper-button-prev\" aria-disabled=\"true\"><\/div>\n        <div class=\"hero-next swiper-button-next\" aria-disabled=\"true\"><\/div>\n      <\/div>\n    <\/div>\n  <\/div>\n<link rel=\"stylesheet\" href=\"\/wp-content\/themes\/sm2020\/assets\/js\/fancybox\/jquery.fancybox.min.css\" type=\"text\/css\" media=\"screen\">\n<script type=\"text\/javascript\" src=\"\/wp-content\/themes\/sm2020\/assets\/js\/fancybox\/jquery.fancybox.min.js\"><\/script>\n\n\n\n  <style>.row.hero-slide-unique {min-height: 80vh;}@media(max-width:578px) {.row.hero-slide-unique {min-height:0;}}<\/style>\n  <div id=\"hero\" class=\"a container-fluid p-0 viewplay \">\n    <div class=\"row no-gutters \">\n      <div class=\"hero-swiper-container swiper-container\">\n        <div class=\"swiper-wrapper\">\n                                  <div class=\"swiper-slide hero-slide style10\">\n                                                <div class=\"hero--img-wrapper imagen1 \">\n                                        <img decoding=\"async\" alt=\"\u00bfEres m\u00e1s de lata?\" data-fetch=\"1\" class=\"hero--img\" srcset=\"https:\/\/www.sanmiguel.com\/es\/wp-content\/uploads\/sites\/2\/2025\/05\/sentir-malaga-lata-412x0-c-default.webp 412w,https:\/\/www.sanmiguel.com\/es\/wp-content\/uploads\/sites\/2\/2025\/05\/sentir-malaga-lata-751x0-c-default.webp 751w,https:\/\/www.sanmiguel.com\/es\/wp-content\/uploads\/sites\/2\/2025\/05\/sentir-malaga-lata-1536x0-c-default.webp 1536w,https:\/\/www.sanmiguel.com\/es\/wp-content\/uploads\/sites\/2\/2025\/05\/sentir-malaga-lata-1920x0-c-default.webp 1920w\" sizes=\"(max-width: 500px) 412px, (min-width: 501px) and (max-width: 1366px) 751px, (min-width: 1367px) 1367px\" src=\"https:\/\/www.sanmiguel.com\/es\/wp-content\/uploads\/sites\/2\/2025\/05\/sentir-malaga-lata-1536x0-c-default.webp\" fetchpriority=\"high\" \/>\n                                                                                                  <\/div>\n                                            <div class=\"hero--contenido  marron_san_miguel\"   style=\"background-color:#d7cbb7\" >\n                \n                \n\n                                                                                                                          <h2 class=\"hero--titulo\" style=\"color:\">\u00bfEres m\u00e1s de lata?<\/h2>\n                                                                            \n                                  <div class=\"hero--texto\"><p>Tambi\u00e9n hemos pensado en ti. \u2028Aqu\u00ed puedes conseguir la tuya.<\/p>\n<div class=\"hero-buttons\">\n\t\t\t\t\t\t\t\t\t\t\t\t\t\t\t\t\t\t\t\t\t\t\t\t\t\t\t\t\t\t\t\t\t\t\t\t\t\t\t\t\t\t\t\t\t\t\t<a target=\"_blank\" href=\"https:\/\/www.mahou-sanmiguel.com\/tienda\/p\/san-miguel-especial-malaga.html?utm_source=email&#038;utm_medium=nl&#038;utm_campaign=es_sanmiguel_malaga_2025_06&#038;utm_content=no_segmentado&#038;utm_term=producto&#038;utm_source_platform=salesforce&#038;utm_marketing_tactic=compra\"><span class=\"btn hero--btn\" title=\"La quiero\">La quiero<\/span><\/a>\n\t\t\t\t\t\t\t\t\t\t\t\t\t\t\t\t\t\t\t\t\t\t\t\t\t\t\t\t\t\t\t\t\t<\/div>\n<\/div>\n                \n                \n                <div class=\"hero-buttons\">\n                                                <\/div>\n              <\/div>\n              <style>\n                @media screen and (max-width: 375px) {\n                    .boton2 {\n                       margin-top: 20px;\n                    }\n                }\n                @media screen and (width: 360px) {\n                    .boton2 {\n                       margin-top: 0px;\n                    }\n                }\n                @media screen and (min-width: 769px) and (max-width: 1340px) {\n                    .boton2 {\n                      margin-top: 20px;\n                    }\n                }\n              <\/style>\n                                                              \n                          <\/div>\n                  <\/div>\n        <div class=\"hero-pagination\"><\/div>\n        <div class=\"hero-prev swiper-button-prev\" aria-disabled=\"true\"><\/div>\n        <div class=\"hero-next swiper-button-next\" aria-disabled=\"true\"><\/div>\n      <\/div>\n    <\/div>\n  <\/div>\n<link rel=\"stylesheet\" href=\"\/wp-content\/themes\/sm2020\/assets\/js\/fancybox\/jquery.fancybox.min.css\" type=\"text\/css\" media=\"screen\">\n<script type=\"text\/javascript\" src=\"\/wp-content\/themes\/sm2020\/assets\/js\/fancybox\/jquery.fancybox.min.js\"><\/script>\n\n\n\n  <style>.row.hero-slide-unique {min-height: 80vh;}@media(max-width:578px) {.row.hero-slide-unique {min-height:0;}}<\/style>\n  <div id=\"hero\" class=\"a container-fluid p-0 viewplay \">\n    <div class=\"row no-gutters \">\n      <div class=\"hero-swiper-container swiper-container\">\n        <div class=\"swiper-wrapper\">\n                                  <div class=\"swiper-slide hero-slide style1\">\n                                                <div class=\"hero--img-wrapper imagen1 \">\n                                        <img decoding=\"async\" alt=\"Disfrutar M\u00e1laga\" data-fetch=\"1\" class=\"hero--img\" srcset=\"https:\/\/www.sanmiguel.com\/es\/wp-content\/uploads\/sites\/2\/2025\/05\/sentir-malaga-bares-412x0-c-default.webp 412w,https:\/\/www.sanmiguel.com\/es\/wp-content\/uploads\/sites\/2\/2025\/05\/sentir-malaga-bares-751x0-c-default.webp 751w,https:\/\/www.sanmiguel.com\/es\/wp-content\/uploads\/sites\/2\/2025\/05\/sentir-malaga-bares-1536x0-c-default.webp 1536w,https:\/\/www.sanmiguel.com\/es\/wp-content\/uploads\/sites\/2\/2025\/05\/sentir-malaga-bares-1920x0-c-default.webp 1920w\" sizes=\"(max-width: 500px) 412px, (min-width: 501px) and (max-width: 1366px) 751px, (min-width: 1367px) 1367px\" src=\"https:\/\/www.sanmiguel.com\/es\/wp-content\/uploads\/sites\/2\/2025\/05\/sentir-malaga-bares-1536x0-c-default.webp\" fetchpriority=\"high\" \/>\n                                                                                                  <\/div>\n                                            <div class=\"hero--contenido  marron_san_miguel\"   style=\"background-color:#d7cbb7\" >\n                \n                \n\n                                                                                                                          <h2 class=\"hero--titulo\" style=\"color:\">Disfrutar M\u00e1laga<\/h2>\n                                                                            \n                                  <div class=\"hero--texto\"><p>\u00bfSabes esos bares y restaurantes que nunca fallan? Hemos hecho una recopilaci\u00f3n de todos ellos para que siempre aciertes.<\/p>\n<\/div>\n                \n                \n                <div class=\"hero-buttons\">\n                                                                                              <a href=\" https:\/\/www.sanmiguel.com\/es\/welcome-guide\/malaga\/\"  class=\"btn hero--btn\" title=\"Desc\u00fabrelos\">Desc\u00fabrelos<span class=\"icono icon-flecha_btn\"><\/span>\n                    <\/a>\n                                                                  <\/div>\n              <\/div>\n              <style>\n                @media screen and (max-width: 375px) {\n                    .boton2 {\n                       margin-top: 20px;\n                    }\n                }\n                @media screen and (width: 360px) {\n                    .boton2 {\n                       margin-top: 0px;\n                    }\n                }\n                @media screen and (min-width: 769px) and (max-width: 1340px) {\n                    .boton2 {\n                      margin-top: 20px;\n                    }\n                }\n              <\/style>\n                                                              \n                          <\/div>\n                  <\/div>\n        <div class=\"hero-pagination\"><\/div>\n        <div class=\"hero-prev swiper-button-prev\" aria-disabled=\"true\"><\/div>\n        <div class=\"hero-next swiper-button-next\" aria-disabled=\"true\"><\/div>\n      <\/div>\n    <\/div>\n  <\/div>\n<link rel=\"stylesheet\" href=\"\/wp-content\/themes\/sm2020\/assets\/js\/fancybox\/jquery.fancybox.min.css\" type=\"text\/css\" media=\"screen\">\n<script type=\"text\/javascript\" src=\"\/wp-content\/themes\/sm2020\/assets\/js\/fancybox\/jquery.fancybox.min.js\"><\/script>\n\n\n\n<style>\n@media (min-width: 768px) { \n#hero .hero-slide:not(.noflex) {min-height: 600px;}\n}\n#hero .hero-slide .hero--contenido.marron_san_miguel .hero--titulo { color: #13322B; }\n#hero .hero-slide .hero--contenido.marron_san_miguel .hero--btn { background-color: #13322B; }\n<\/style>\n","protected":false},"excerpt":{"rendered":"<p>M\u00e1laga son esas ganas de atreverse a vivir nada m\u00e1s ver este horizonte libre, este callej\u00f3n propicio, las barquillas valientes de Pedregalejo. M\u00e1laga es ATREVERSE a querer por todos lados el azul y blanco de La Rosaleda, volar con el himno de El Carpena y perderse por el encanto de El Perchel. De Huelin, a [&hellip;]<\/p>\n","protected":false},"author":1,"featured_media":24558,"parent":0,"menu_order":0,"comment_status":"closed","ping_status":"closed","template":"","meta":{"_acf_changed":false,"inline_featured_image":false,"footnotes":""},"class_list":["post-24521","page","type-page","status-publish","has-post-thumbnail","hentry"],"acf":[],"yoast_head":"<!-- This site is optimized with the Yoast SEO plugin v27.4 - https:\/\/yoast.com\/product\/yoast-seo-wordpress\/ -->\n<title>Sentir M\u00e1laga | Cervezas San Miguel | ES<\/title>\n<meta name=\"description\" content=\"Este es un homenaje a M\u00e1laga y su gente. A la ciudad de la luz que nos recibi\u00f3 con los brazos abiertos hace m\u00e1s de medio siglo.\" \/>\n<meta name=\"robots\" content=\"index, follow, max-snippet:-1, max-image-preview:large, max-video-preview:-1\" \/>\n<link rel=\"canonical\" href=\"https:\/\/www.sanmiguel.com\/es\/sentir-malaga\/\" \/>\n<meta property=\"og:locale\" content=\"es_ES\" \/>\n<meta property=\"og:type\" content=\"article\" \/>\n<meta property=\"og:title\" content=\"Sentir M\u00e1laga | Cervezas San Miguel | ES\" \/>\n<meta property=\"og:description\" content=\"Este es un homenaje a M\u00e1laga y su gente. A la ciudad de la luz que nos recibi\u00f3 con los brazos abiertos hace m\u00e1s de medio siglo.\" \/>\n<meta property=\"og:url\" content=\"https:\/\/www.sanmiguel.com\/es\/sentir-malaga\/\" \/>\n<meta property=\"og:site_name\" content=\"Cervezas San Miguel | ES\" \/>\n<meta property=\"article:modified_time\" content=\"2025-06-27T09:16:08+00:00\" \/>\n<meta property=\"og:image\" content=\"https:\/\/www.sanmiguel.com\/es\/wp-content\/uploads\/sites\/2\/2025\/05\/sentir-malaga-cab-1.jpg\" \/>\n\t<meta property=\"og:image:width\" content=\"1920\" \/>\n\t<meta property=\"og:image:height\" content=\"828\" \/>\n\t<meta property=\"og:image:type\" content=\"image\/jpeg\" \/>\n<meta name=\"twitter:card\" content=\"summary_large_image\" \/>\n<meta name=\"twitter:label1\" content=\"Tiempo de lectura\" \/>\n\t<meta name=\"twitter:data1\" content=\"2 minutos\" \/>\n<script type=\"application\/ld+json\" class=\"yoast-schema-graph\">{\"@context\":\"https:\\\/\\\/schema.org\",\"@graph\":[{\"@type\":\"WebPage\",\"@id\":\"https:\\\/\\\/www.sanmiguel.com\\\/es\\\/sentir-malaga\\\/\",\"url\":\"https:\\\/\\\/www.sanmiguel.com\\\/es\\\/sentir-malaga\\\/\",\"name\":\"Sentir M\u00e1laga | Cervezas San Miguel | ES\",\"isPartOf\":{\"@id\":\"https:\\\/\\\/www.sanmiguel.com\\\/es\\\/#website\"},\"primaryImageOfPage\":{\"@id\":\"https:\\\/\\\/www.sanmiguel.com\\\/es\\\/sentir-malaga\\\/#primaryimage\"},\"image\":{\"@id\":\"https:\\\/\\\/www.sanmiguel.com\\\/es\\\/sentir-malaga\\\/#primaryimage\"},\"thumbnailUrl\":\"https:\\\/\\\/www.sanmiguel.com\\\/es\\\/wp-content\\\/uploads\\\/sites\\\/2\\\/2025\\\/05\\\/sentir-malaga-cab-1.jpg\",\"datePublished\":\"2025-05-22T06:55:15+00:00\",\"dateModified\":\"2025-06-27T09:16:08+00:00\",\"description\":\"Este es un homenaje a M\u00e1laga y su gente. A la ciudad de la luz que nos recibi\u00f3 con los brazos abiertos hace m\u00e1s de medio siglo.\",\"breadcrumb\":{\"@id\":\"https:\\\/\\\/www.sanmiguel.com\\\/es\\\/sentir-malaga\\\/#breadcrumb\"},\"inLanguage\":\"es\",\"potentialAction\":[{\"@type\":\"ReadAction\",\"target\":[\"https:\\\/\\\/www.sanmiguel.com\\\/es\\\/sentir-malaga\\\/\"]}]},{\"@type\":\"ImageObject\",\"inLanguage\":\"es\",\"@id\":\"https:\\\/\\\/www.sanmiguel.com\\\/es\\\/sentir-malaga\\\/#primaryimage\",\"url\":\"https:\\\/\\\/www.sanmiguel.com\\\/es\\\/wp-content\\\/uploads\\\/sites\\\/2\\\/2025\\\/05\\\/sentir-malaga-cab-1.jpg\",\"contentUrl\":\"https:\\\/\\\/www.sanmiguel.com\\\/es\\\/wp-content\\\/uploads\\\/sites\\\/2\\\/2025\\\/05\\\/sentir-malaga-cab-1.jpg\",\"width\":1920,\"height\":828},{\"@type\":\"BreadcrumbList\",\"@id\":\"https:\\\/\\\/www.sanmiguel.com\\\/es\\\/sentir-malaga\\\/#breadcrumb\",\"itemListElement\":[{\"@type\":\"ListItem\",\"position\":1,\"name\":\"Portada\",\"item\":\"https:\\\/\\\/www.sanmiguel.com\\\/es\\\/\"},{\"@type\":\"ListItem\",\"position\":2,\"name\":\"Sentir M\u00e1laga\"}]},{\"@type\":\"WebSite\",\"@id\":\"https:\\\/\\\/www.sanmiguel.com\\\/es\\\/#website\",\"url\":\"https:\\\/\\\/www.sanmiguel.com\\\/es\\\/\",\"name\":\"Cervezas San Miguel | ES\",\"description\":\"Bienvenidos Cerveceros Inquietos\",\"publisher\":{\"@id\":\"https:\\\/\\\/www.sanmiguel.com\\\/es\\\/#organization\"},\"potentialAction\":[{\"@type\":\"SearchAction\",\"target\":{\"@type\":\"EntryPoint\",\"urlTemplate\":\"https:\\\/\\\/www.sanmiguel.com\\\/es\\\/?s={search_term_string}\"},\"query-input\":{\"@type\":\"PropertyValueSpecification\",\"valueRequired\":true,\"valueName\":\"search_term_string\"}}],\"inLanguage\":\"es\"},{\"@type\":\"Organization\",\"@id\":\"https:\\\/\\\/www.sanmiguel.com\\\/es\\\/#organization\",\"name\":\"Cervezas San Miguel\",\"url\":\"https:\\\/\\\/www.sanmiguel.com\\\/es\\\/\",\"logo\":{\"@type\":\"ImageObject\",\"inLanguage\":\"es\",\"@id\":\"https:\\\/\\\/www.sanmiguel.com\\\/es\\\/#\\\/schema\\\/logo\\\/image\\\/\",\"url\":\"https:\\\/\\\/www.sanmiguel.com\\\/es\\\/wp-content\\\/uploads\\\/sites\\\/2\\\/2022\\\/06\\\/cervezas-san-miguel-logo.jpg\",\"contentUrl\":\"https:\\\/\\\/www.sanmiguel.com\\\/es\\\/wp-content\\\/uploads\\\/sites\\\/2\\\/2022\\\/06\\\/cervezas-san-miguel-logo.jpg\",\"width\":400,\"height\":400,\"caption\":\"Cervezas San Miguel\"},\"image\":{\"@id\":\"https:\\\/\\\/www.sanmiguel.com\\\/es\\\/#\\\/schema\\\/logo\\\/image\\\/\"}}]}<\/script>\n<!-- \/ Yoast SEO plugin. -->","yoast_head_json":{"title":"Sentir M\u00e1laga | Cervezas San Miguel | ES","description":"Este es un homenaje a M\u00e1laga y su gente. A la ciudad de la luz que nos recibi\u00f3 con los brazos abiertos hace m\u00e1s de medio siglo.","robots":{"index":"index","follow":"follow","max-snippet":"max-snippet:-1","max-image-preview":"max-image-preview:large","max-video-preview":"max-video-preview:-1"},"canonical":"https:\/\/www.sanmiguel.com\/es\/sentir-malaga\/","og_locale":"es_ES","og_type":"article","og_title":"Sentir M\u00e1laga | Cervezas San Miguel | ES","og_description":"Este es un homenaje a M\u00e1laga y su gente. A la ciudad de la luz que nos recibi\u00f3 con los brazos abiertos hace m\u00e1s de medio siglo.","og_url":"https:\/\/www.sanmiguel.com\/es\/sentir-malaga\/","og_site_name":"Cervezas San Miguel | ES","article_modified_time":"2025-06-27T09:16:08+00:00","og_image":[{"width":1920,"height":828,"url":"https:\/\/www.sanmiguel.com\/es\/wp-content\/uploads\/sites\/2\/2025\/05\/sentir-malaga-cab-1.jpg","type":"image\/jpeg"}],"twitter_card":"summary_large_image","twitter_misc":{"Tiempo de lectura":"2 minutos"},"schema":{"@context":"https:\/\/schema.org","@graph":[{"@type":"WebPage","@id":"https:\/\/www.sanmiguel.com\/es\/sentir-malaga\/","url":"https:\/\/www.sanmiguel.com\/es\/sentir-malaga\/","name":"Sentir M\u00e1laga | Cervezas San Miguel | ES","isPartOf":{"@id":"https:\/\/www.sanmiguel.com\/es\/#website"},"primaryImageOfPage":{"@id":"https:\/\/www.sanmiguel.com\/es\/sentir-malaga\/#primaryimage"},"image":{"@id":"https:\/\/www.sanmiguel.com\/es\/sentir-malaga\/#primaryimage"},"thumbnailUrl":"https:\/\/www.sanmiguel.com\/es\/wp-content\/uploads\/sites\/2\/2025\/05\/sentir-malaga-cab-1.jpg","datePublished":"2025-05-22T06:55:15+00:00","dateModified":"2025-06-27T09:16:08+00:00","description":"Este es un homenaje a M\u00e1laga y su gente. A la ciudad de la luz que nos recibi\u00f3 con los brazos abiertos hace m\u00e1s de medio siglo.","breadcrumb":{"@id":"https:\/\/www.sanmiguel.com\/es\/sentir-malaga\/#breadcrumb"},"inLanguage":"es","potentialAction":[{"@type":"ReadAction","target":["https:\/\/www.sanmiguel.com\/es\/sentir-malaga\/"]}]},{"@type":"ImageObject","inLanguage":"es","@id":"https:\/\/www.sanmiguel.com\/es\/sentir-malaga\/#primaryimage","url":"https:\/\/www.sanmiguel.com\/es\/wp-content\/uploads\/sites\/2\/2025\/05\/sentir-malaga-cab-1.jpg","contentUrl":"https:\/\/www.sanmiguel.com\/es\/wp-content\/uploads\/sites\/2\/2025\/05\/sentir-malaga-cab-1.jpg","width":1920,"height":828},{"@type":"BreadcrumbList","@id":"https:\/\/www.sanmiguel.com\/es\/sentir-malaga\/#breadcrumb","itemListElement":[{"@type":"ListItem","position":1,"name":"Portada","item":"https:\/\/www.sanmiguel.com\/es\/"},{"@type":"ListItem","position":2,"name":"Sentir M\u00e1laga"}]},{"@type":"WebSite","@id":"https:\/\/www.sanmiguel.com\/es\/#website","url":"https:\/\/www.sanmiguel.com\/es\/","name":"Cervezas San Miguel | ES","description":"Bienvenidos Cerveceros Inquietos","publisher":{"@id":"https:\/\/www.sanmiguel.com\/es\/#organization"},"potentialAction":[{"@type":"SearchAction","target":{"@type":"EntryPoint","urlTemplate":"https:\/\/www.sanmiguel.com\/es\/?s={search_term_string}"},"query-input":{"@type":"PropertyValueSpecification","valueRequired":true,"valueName":"search_term_string"}}],"inLanguage":"es"},{"@type":"Organization","@id":"https:\/\/www.sanmiguel.com\/es\/#organization","name":"Cervezas San Miguel","url":"https:\/\/www.sanmiguel.com\/es\/","logo":{"@type":"ImageObject","inLanguage":"es","@id":"https:\/\/www.sanmiguel.com\/es\/#\/schema\/logo\/image\/","url":"https:\/\/www.sanmiguel.com\/es\/wp-content\/uploads\/sites\/2\/2022\/06\/cervezas-san-miguel-logo.jpg","contentUrl":"https:\/\/www.sanmiguel.com\/es\/wp-content\/uploads\/sites\/2\/2022\/06\/cervezas-san-miguel-logo.jpg","width":400,"height":400,"caption":"Cervezas San Miguel"},"image":{"@id":"https:\/\/www.sanmiguel.com\/es\/#\/schema\/logo\/image\/"}}]}},"_links":{"self":[{"href":"https:\/\/www.sanmiguel.com\/es\/wp-json\/wp\/v2\/pages\/24521","targetHints":{"allow":["GET"]}}],"collection":[{"href":"https:\/\/www.sanmiguel.com\/es\/wp-json\/wp\/v2\/pages"}],"about":[{"href":"https:\/\/www.sanmiguel.com\/es\/wp-json\/wp\/v2\/types\/page"}],"author":[{"embeddable":true,"href":"https:\/\/www.sanmiguel.com\/es\/wp-json\/wp\/v2\/users\/1"}],"replies":[{"embeddable":true,"href":"https:\/\/www.sanmiguel.com\/es\/wp-json\/wp\/v2\/comments?post=24521"}],"version-history":[{"count":40,"href":"https:\/\/www.sanmiguel.com\/es\/wp-json\/wp\/v2\/pages\/24521\/revisions"}],"predecessor-version":[{"id":25245,"href":"https:\/\/www.sanmiguel.com\/es\/wp-json\/wp\/v2\/pages\/24521\/revisions\/25245"}],"wp:featuredmedia":[{"embeddable":true,"href":"https:\/\/www.sanmiguel.com\/es\/wp-json\/wp\/v2\/media\/24558"}],"wp:attachment":[{"href":"https:\/\/www.sanmiguel.com\/es\/wp-json\/wp\/v2\/media?parent=24521"}],"curies":[{"name":"wp","href":"https:\/\/api.w.org\/{rel}","templated":true}]}}