{"id":23621,"date":"2024-11-21T16:15:42","date_gmt":"2024-11-21T16:15:42","guid":{"rendered":"https:\/\/www.sanmiguel.com\/es\/?page_id=23621"},"modified":"2025-12-22T07:18:22","modified_gmt":"2025-12-22T07:18:22","slug":"otros-deportes","status":"publish","type":"page","link":"https:\/\/www.sanmiguel.com\/es\/historia\/deporte\/otros-deportes\/","title":{"rendered":"San Miguel y otros deportes"},"content":{"rendered":"\r\n  <div class=\"bloque-titulo  \">\n    <div class=\"container-fluid p-0 \">\n      <div class=\"row no-gutters\">\n        <div class=\"bloque-titulo-seccion\">\n          <h1 class=\"titulo\">San Miguel y otros deportes<\/h1>\n        <\/div>\n      <\/div>\n    <\/div>\n  <\/div>\n\n\n\n<style>\n\t.galerialightbox-block {\n\t\tposition: relative;\n\t\twidth: 100%;\n\t\theight: 100%;\n\t\tpadding-left: 4.9rem;\n\t\tpadding-right: 4.9rem;\n\t\tmargin-bottom: 4.9rem;\n\t}\n\t.galerialightbox-grid {\n\t\tdisplay: grid;\n\t\tgrid-template-columns: repeat(4, 1fr);\n\t\tgrid-gap: 40px;\n\t}\n\t.galerialightbox-item {\n\t\tposition: relative;\n\t\twidth: 100%;\n\t\theight: 100%;\n\t\toverflow: hidden;\n\t\tbackground: #d7cbb7;\n\t}\n\t.galerialightbox-img {\n\t\taspect-ratio: 4 \/ 5;\n\t\toverflow: hidden;\n\t\tposition: relative;\n\t}\n\t.galerialightbox-img img.poster {\n\t\twidth: 100%;\n\t\theight: 100%;\n\t\tobject-fit: cover;\n\t}\n\t.galerialightbox-item a.enlace {\n\t\tposition: absolute;\n\t\ttop: 0;\n\t\tright: 0;\n\t\tbottom: 0;\n\t\tleft: 0;\n\t\tz-index: 2;\n\t}\n\t.galerialightbox-content {\n\t\tpadding: 2rem;\n\t}\n\t.galerialightbox-content h3.galeria-ano {\n\t\tfont-size: calc(15px + 5*((100vw - 360px) \/ 1640));\n\t\tline-height: calc(20px + 8*((100vw - 360px) \/ 1640));\n\t\tcolor: #13322b;\n\t\tmargin: 10px 0 0;\n\t}\n\t.galerialightbox-content h3.galeria-titulo {\n\t\tfont-size: calc(20px + 5*((100vw - 360px) \/ 1640));\n\t\tline-height: calc(20px + 8*((100vw - 360px) \/ 1640));\n\t\tcolor: #13322b;\n\t\tmargin: 0;\n\t\tfont-family: \"WorkSansBold\", sans-serif;\n\t\ttext-transform: uppercase;\n\t}\n\t.galerialightbox-text {\n\t\tline-height: 1.4;\n\t\tmargin-top: 10px;\n\t}\n\n\t.galerialightbox-text .read-more {\n\t\ttext-transform: none;\n\t\ttext-decoration: underline;\n\t}\n\n\t.enlace-post {\n\t\ttext-transform: none;\n\t}\n\t.enlace-post:hover {\n\t\tcursor: pointer;\n\t\tcolor: #13322B;\n\t\ttext-decoration: none;\n\t}\n\n\t@media(max-width: 1024px) {\n\t\t.galerialightbox-grid {\n\t\t\tgrid-template-columns: repeat(3, 1fr);\n\t\t}\n\t}\n\n\t@media(max-width: 768px) {\n\t\t.galerialightbox-block {\n\t\t\tpadding-left:2.5rem;\n\t\t\tpadding-right:2.5rem;\n\t\t\tmargin-bottom:2.5rem;\n\t\t}\n\t\t.galerialightbox-grid {\n\t\t\tgrid-template-columns:repeat(2, 1fr);\n\t\t}\n\t}\n\n\t@media(max-width: 480px) {\n\t\t.galerialightbox-grid {\n\t\t\tgrid-template-columns:repeat(1, 1fr);\n\t\t}\n\t}\n<\/style>\n\n<div class=\"galerialightbox-block\">\n\t<div class=\"galerialightbox-grid\">\n\t\t\t\t\t<div class=\"galerialightbox-item\">\n\t\t\t\t<div class=\"galerialightbox-img\">\n\t\t\t\t\t\t\t\t\t\t\t<a class=\"enlace\" data-fancybox href=\"https:\/\/www.sanmiguel.com\/es\/wp-content\/uploads\/sites\/2\/2024\/11\/rally-de-cataluna-full-872x1168-c-default.webp\" title=\"Ver Rally de Catalu\u00f1a\"><\/a>\n\t\t\t\t\t\t\t\t\t\t<img decoding=\"async\" class=\"poster\" srcset=\"https:\/\/www.sanmiguel.com\/es\/wp-content\/uploads\/sites\/2\/2024\/11\/rally-de-cataluna-full-330x442-c-default.webp 412w,https:\/\/www.sanmiguel.com\/es\/wp-content\/uploads\/sites\/2\/2024\/11\/rally-de-cataluna-full-765x1025-c-default.webp 751w,https:\/\/www.sanmiguel.com\/es\/wp-content\/uploads\/sites\/2\/2024\/11\/rally-de-cataluna-full-872x1168-c-default.webp 1367w\" sizes=\"(max-width: 500px) 412px, (min-width: 501px) and (max-width: 1366px) 751px, (min-width: 1367px) 1367px\" src=\"https:\/\/www.sanmiguel.com\/es\/wp-content\/uploads\/sites\/2\/2024\/11\/rally-de-cataluna-full-765x1025-c-default.webp\" alt=\"Rally de Catalu\u00f1a\" loading=\"lazy\"\/>\n\t\t\t\t<\/div>\n\n\t\t\t\t<div class=\"galerialightbox-content\">\n\t\t\t\t\t<h3 class=\"galeria-ano\">1957<\/h3>\n\t\t\t\t\t<h3 class=\"galeria-titulo\">Rally de Catalu\u00f1a<\/h3>\n\t\t\t\t\t\t\t\t\t\t\t<div class=\"galerialightbox-text\">Desde que apareci\u00f3 en 1957, San Miguel fue colaborador del Rally de Catalu\u00f1a. Una competici\u00f3n en la que los corredores pon\u00edan a prueba su velocidad, frenada y habilidad a lomos de los coches de la \u00e9poca. En la primera edici\u00f3n participaron 104 equipos, pero solo 78 consiguieron pasar por la meta. Todo un ejemplo de tes\u00f3n.<\/div>\n\t\t\t\t\t\t\t\t\t<\/div>\n\n\t\t\t<\/div>\n\t\t\t\t\t<div class=\"galerialightbox-item\">\n\t\t\t\t<div class=\"galerialightbox-img\">\n\t\t\t\t\t\t\t\t\t\t\t<a class=\"enlace\" data-fancybox href=\"https:\/\/www.sanmiguel.com\/es\/wp-content\/uploads\/sites\/2\/2024\/11\/san-miguel-hockey-sobre-patines-full-872x1168-c-default.webp\" title=\"Ver San Miguel Hockey sobre patines\"><\/a>\n\t\t\t\t\t\t\t\t\t\t<img decoding=\"async\" class=\"poster\" srcset=\"https:\/\/www.sanmiguel.com\/es\/wp-content\/uploads\/sites\/2\/2024\/11\/san-miguel-hockey-sobre-patines-full-330x442-c-default.webp 412w,https:\/\/www.sanmiguel.com\/es\/wp-content\/uploads\/sites\/2\/2024\/11\/san-miguel-hockey-sobre-patines-full-765x1025-c-default.webp 751w,https:\/\/www.sanmiguel.com\/es\/wp-content\/uploads\/sites\/2\/2024\/11\/san-miguel-hockey-sobre-patines-full-872x1168-c-default.webp 1367w\" sizes=\"(max-width: 500px) 412px, (min-width: 501px) and (max-width: 1366px) 751px, (min-width: 1367px) 1367px\" src=\"https:\/\/www.sanmiguel.com\/es\/wp-content\/uploads\/sites\/2\/2024\/11\/san-miguel-hockey-sobre-patines-full-765x1025-c-default.webp\" alt=\"San Miguel Hockey sobre patines\" loading=\"lazy\"\/>\n\t\t\t\t<\/div>\n\n\t\t\t\t<div class=\"galerialightbox-content\">\n\t\t\t\t\t<h3 class=\"galeria-ano\">1960<\/h3>\n\t\t\t\t\t<h3 class=\"galeria-titulo\">San Miguel Hockey sobre patines<\/h3>\n\t\t\t\t\t\t\t\t\t\t\t<div class=\"galerialightbox-text\">Estos aguerridos jugadores de hockey sobre patines eran tambi\u00e9n los trabajadores de nuestra f\u00e1brica de L\u00e9rida. \u00bfSi patrocin\u00e1bamos a las grandes competiciones c\u00f3mo no hacerlo con nuestros chicos? En la imagen, posando con la equipaci\u00f3n San Miguel.<\/div>\n\t\t\t\t\t\t\t\t\t<\/div>\n\n\t\t\t<\/div>\n\t\t\t\t\t<div class=\"galerialightbox-item\">\n\t\t\t\t<div class=\"galerialightbox-img\">\n\t\t\t\t\t\t\t\t\t\t\t<a class=\"enlace\" data-fancybox href=\"https:\/\/www.sanmiguel.com\/es\/wp-content\/uploads\/sites\/2\/2024\/11\/vuelta-aerea-a-espana-full-872x1168-c-default.webp\" title=\"Ver Vuelta A\u00e9rea a Espa\u00f1a\"><\/a>\n\t\t\t\t\t\t\t\t\t\t<img decoding=\"async\" class=\"poster\" srcset=\"https:\/\/www.sanmiguel.com\/es\/wp-content\/uploads\/sites\/2\/2024\/11\/vuelta-aerea-a-espana-full-330x442-c-default.webp 412w,https:\/\/www.sanmiguel.com\/es\/wp-content\/uploads\/sites\/2\/2024\/11\/vuelta-aerea-a-espana-full-765x1025-c-default.webp 751w,https:\/\/www.sanmiguel.com\/es\/wp-content\/uploads\/sites\/2\/2024\/11\/vuelta-aerea-a-espana-full-872x1168-c-default.webp 1367w\" sizes=\"(max-width: 500px) 412px, (min-width: 501px) and (max-width: 1366px) 751px, (min-width: 1367px) 1367px\" src=\"https:\/\/www.sanmiguel.com\/es\/wp-content\/uploads\/sites\/2\/2024\/11\/vuelta-aerea-a-espana-full-765x1025-c-default.webp\" alt=\"Vuelta A\u00e9rea a Espa\u00f1a\" loading=\"lazy\"\/>\n\t\t\t\t<\/div>\n\n\t\t\t\t<div class=\"galerialightbox-content\">\n\t\t\t\t\t<h3 class=\"galeria-ano\">1962<\/h3>\n\t\t\t\t\t<h3 class=\"galeria-titulo\">Vuelta A\u00e9rea a Espa\u00f1a<\/h3>\n\t\t\t\t\t\t\t\t\t\t\t<div class=\"galerialightbox-text\">Como exploradores que somos, en San Miguel nos encanta emprender el vuelo y lo hicimos, literalmente, en 1962 cuando patrocinamos la VI Vuelta A\u00e9rea a Espa\u00f1a.<\/div>\n\t\t\t\t\t\t\t\t\t<\/div>\n\n\t\t\t<\/div>\n\t\t\t\t\t<div class=\"galerialightbox-item\">\n\t\t\t\t<div class=\"galerialightbox-img\">\n\t\t\t\t\t\t\t\t\t\t\t<a class=\"enlace\" data-fancybox href=\"https:\/\/www.sanmiguel.com\/es\/wp-content\/uploads\/sites\/2\/2024\/11\/bmw-san-miguel-2-full-872x1168-c-default.webp\" title=\"Ver Coche San Miguel\"><\/a>\n\t\t\t\t\t\t\t\t\t\t<img decoding=\"async\" class=\"poster\" srcset=\"https:\/\/www.sanmiguel.com\/es\/wp-content\/uploads\/sites\/2\/2024\/11\/bmw-san-miguel-2-full-330x442-c-default.webp 412w,https:\/\/www.sanmiguel.com\/es\/wp-content\/uploads\/sites\/2\/2024\/11\/bmw-san-miguel-2-full-765x1025-c-default.webp 751w,https:\/\/www.sanmiguel.com\/es\/wp-content\/uploads\/sites\/2\/2024\/11\/bmw-san-miguel-2-full-872x1168-c-default.webp 1367w\" sizes=\"(max-width: 500px) 412px, (min-width: 501px) and (max-width: 1366px) 751px, (min-width: 1367px) 1367px\" src=\"https:\/\/www.sanmiguel.com\/es\/wp-content\/uploads\/sites\/2\/2024\/11\/bmw-san-miguel-2-full-765x1025-c-default.webp\" alt=\"Coche San Miguel\" loading=\"lazy\"\/>\n\t\t\t\t<\/div>\n\n\t\t\t\t<div class=\"galerialightbox-content\">\n\t\t\t\t\t<h3 class=\"galeria-ano\">1971<\/h3>\n\t\t\t\t\t<h3 class=\"galeria-titulo\">Coche San Miguel<\/h3>\n\t\t\t\t\t\t\t\t\t\t\t<div class=\"galerialightbox-text\">Era imposible pasar por su lado y no hacer una fotograf\u00eda. As\u00ed de bonito era uno de los coches que luc\u00eda orgulloso el logotipo de San Miguel durante el Rally de Burgos de 1971.<\/div>\n\t\t\t\t\t\t\t\t\t<\/div>\n\n\t\t\t<\/div>\n\t\t\t\t\t<div class=\"galerialightbox-item\">\n\t\t\t\t<div class=\"galerialightbox-img\">\n\t\t\t\t\t\t\t\t\t\t\t<a class=\"enlace\" data-fancybox href=\"https:\/\/www.sanmiguel.com\/es\/wp-content\/uploads\/sites\/2\/2024\/11\/rally-de-burgos-full-872x1168-c-default.webp\" title=\"Ver Rally de Burgos\"><\/a>\n\t\t\t\t\t\t\t\t\t\t<img decoding=\"async\" class=\"poster\" srcset=\"https:\/\/www.sanmiguel.com\/es\/wp-content\/uploads\/sites\/2\/2024\/11\/rally-de-burgos-full-330x442-c-default.webp 412w,https:\/\/www.sanmiguel.com\/es\/wp-content\/uploads\/sites\/2\/2024\/11\/rally-de-burgos-full-765x1025-c-default.webp 751w,https:\/\/www.sanmiguel.com\/es\/wp-content\/uploads\/sites\/2\/2024\/11\/rally-de-burgos-full-872x1168-c-default.webp 1367w\" sizes=\"(max-width: 500px) 412px, (min-width: 501px) and (max-width: 1366px) 751px, (min-width: 1367px) 1367px\" src=\"https:\/\/www.sanmiguel.com\/es\/wp-content\/uploads\/sites\/2\/2024\/11\/rally-de-burgos-full-765x1025-c-default.webp\" alt=\"Rally de Burgos\" loading=\"lazy\"\/>\n\t\t\t\t<\/div>\n\n\t\t\t\t<div class=\"galerialightbox-content\">\n\t\t\t\t\t<h3 class=\"galeria-ano\">1971<\/h3>\n\t\t\t\t\t<h3 class=\"galeria-titulo\">Rally de Burgos<\/h3>\n\t\t\t\t\t\t\t\t\t\t\t<div class=\"galerialightbox-text\">Reci\u00e9n llegados a Burgos en 1970 y con las puertas de nuestra f\u00e1brica ya abiertas, comenzamos a interesarnos por el deporte local. Un a\u00f1o m\u00e1s tarde, en 1971, patrocinar\u00edamos el Rally de Burgos. Nuevamente en San Miguel nos aventuramos en otro evento que fue sobre ruedas.<\/div>\n\t\t\t\t\t\t\t\t\t<\/div>\n\n\t\t\t<\/div>\n\t\t\t\t\t<div class=\"galerialightbox-item\">\n\t\t\t\t<div class=\"galerialightbox-img\">\n\t\t\t\t\t\t\t\t\t\t\t<a class=\"enlace\" data-fancybox href=\"https:\/\/www.sanmiguel.com\/es\/wp-content\/uploads\/sites\/2\/2024\/11\/v-gran-premio-de-espana-de-motocross-full-scaled-872x1168-c-default.webp\" title=\"Ver Gran Premio de Espa\u00f1a de Motocross\"><\/a>\n\t\t\t\t\t\t\t\t\t\t<img decoding=\"async\" class=\"poster\" srcset=\"https:\/\/www.sanmiguel.com\/es\/wp-content\/uploads\/sites\/2\/2024\/11\/v-gran-premio-de-espana-de-motocross-full-scaled-330x442-c-default.webp 412w,https:\/\/www.sanmiguel.com\/es\/wp-content\/uploads\/sites\/2\/2024\/11\/v-gran-premio-de-espana-de-motocross-full-scaled-765x1025-c-default.webp 751w,https:\/\/www.sanmiguel.com\/es\/wp-content\/uploads\/sites\/2\/2024\/11\/v-gran-premio-de-espana-de-motocross-full-scaled-872x1168-c-default.webp 1367w\" sizes=\"(max-width: 500px) 412px, (min-width: 501px) and (max-width: 1366px) 751px, (min-width: 1367px) 1367px\" src=\"https:\/\/www.sanmiguel.com\/es\/wp-content\/uploads\/sites\/2\/2024\/11\/v-gran-premio-de-espana-de-motocross-full-scaled-765x1025-c-default.webp\" alt=\"Gran Premio de Espa\u00f1a de Motocross\" loading=\"lazy\"\/>\n\t\t\t\t<\/div>\n\n\t\t\t\t<div class=\"galerialightbox-content\">\n\t\t\t\t\t<h3 class=\"galeria-ano\">1980<\/h3>\n\t\t\t\t\t<h3 class=\"galeria-titulo\">Gran Premio de Espa\u00f1a de Motocross<\/h3>\n\t\t\t\t\t\t\t\t\t\t\t<div class=\"galerialightbox-text\">Estuvimos muy presentes tanto en la competici\u00f3n, como en la ceremonia de premios. En la instant\u00e1nea, uno de los corredores recibiendo su San Miguel al finalizar la carrera. \u00bfPod\u00eda haber mejor recompensa?<\/div>\n\t\t\t\t\t\t\t\t\t<\/div>\n\n\t\t\t<\/div>\n\t\t\t\t\t<div class=\"galerialightbox-item\">\n\t\t\t\t<div class=\"galerialightbox-img\">\n\t\t\t\t\t\t\t\t\t\t\t<a class=\"enlace\" data-fancybox href=\"https:\/\/www.sanmiguel.com\/es\/wp-content\/uploads\/sites\/2\/2024\/11\/gran-premio-de-espana-motocross-2-full-872x1168-c-default.webp\" title=\"Ver Gran Premio de Espa\u00f1a de Motocross\"><\/a>\n\t\t\t\t\t\t\t\t\t\t<img decoding=\"async\" class=\"poster\" srcset=\"https:\/\/www.sanmiguel.com\/es\/wp-content\/uploads\/sites\/2\/2024\/11\/gran-premio-de-espana-motocross-2-full-330x442-c-default.webp 412w,https:\/\/www.sanmiguel.com\/es\/wp-content\/uploads\/sites\/2\/2024\/11\/gran-premio-de-espana-motocross-2-full-765x1025-c-default.webp 751w,https:\/\/www.sanmiguel.com\/es\/wp-content\/uploads\/sites\/2\/2024\/11\/gran-premio-de-espana-motocross-2-full-872x1168-c-default.webp 1367w\" sizes=\"(max-width: 500px) 412px, (min-width: 501px) and (max-width: 1366px) 751px, (min-width: 1367px) 1367px\" src=\"https:\/\/www.sanmiguel.com\/es\/wp-content\/uploads\/sites\/2\/2024\/11\/gran-premio-de-espana-motocross-2-full-765x1025-c-default.webp\" alt=\"Gran Premio de Espa\u00f1a de Motocross\" loading=\"lazy\"\/>\n\t\t\t\t<\/div>\n\n\t\t\t\t<div class=\"galerialightbox-content\">\n\t\t\t\t\t<h3 class=\"galeria-ano\">1980<\/h3>\n\t\t\t\t\t<h3 class=\"galeria-titulo\">Gran Premio de Espa\u00f1a de Motocross<\/h3>\n\t\t\t\t\t\t\t\t\t\t\t<div class=\"galerialightbox-text\">Ten\u00edamos experiencia en las competiciones de coches, pero hasta esta foto nunca hab\u00edamos sentido la emoci\u00f3n a flor de piel de ver a las motos cabalgar sobre la pista. Estuvimos muy presentes tanto en la competici\u00f3n, como en la ceremonia de premios.<\/div>\n\t\t\t\t\t\t\t\t\t<\/div>\n\n\t\t\t<\/div>\n\t\t\t\t\t<div class=\"galerialightbox-item\">\n\t\t\t\t<div class=\"galerialightbox-img\">\n\t\t\t\t\t\t\t\t\t\t\t<a class=\"enlace\" data-fancybox href=\"https:\/\/www.sanmiguel.com\/es\/wp-content\/uploads\/sites\/2\/2024\/11\/speedride-full-872x1168-c-default.webp\" title=\"Ver Speedride\"><\/a>\n\t\t\t\t\t\t\t\t\t\t<img decoding=\"async\" class=\"poster\" srcset=\"https:\/\/www.sanmiguel.com\/es\/wp-content\/uploads\/sites\/2\/2024\/11\/speedride-full-330x442-c-default.webp 412w,https:\/\/www.sanmiguel.com\/es\/wp-content\/uploads\/sites\/2\/2024\/11\/speedride-full-765x1025-c-default.webp 751w,https:\/\/www.sanmiguel.com\/es\/wp-content\/uploads\/sites\/2\/2024\/11\/speedride-full-872x1168-c-default.webp 1367w\" sizes=\"(max-width: 500px) 412px, (min-width: 501px) and (max-width: 1366px) 751px, (min-width: 1367px) 1367px\" src=\"https:\/\/www.sanmiguel.com\/es\/wp-content\/uploads\/sites\/2\/2024\/11\/speedride-full-765x1025-c-default.webp\" alt=\"Speedride\" loading=\"lazy\"\/>\n\t\t\t\t<\/div>\n\n\t\t\t\t<div class=\"galerialightbox-content\">\n\t\t\t\t\t<h3 class=\"galeria-ano\">1995<\/h3>\n\t\t\t\t\t<h3 class=\"galeria-titulo\">Speedride<\/h3>\n\t\t\t\t\t\t\t\t\t\t\t<div class=\"galerialightbox-text\">El Speedride era un reci\u00e9n llegado a los deportes de invierno. Nacido en los Alpes, esta disciplina un\u00eda el esqu\u00ed y el parapente, con peque\u00f1os vuelos sobre la nieve sorteando obst\u00e1culos o descendiendo la pista de una forma totalmente radical y divertida. En 1996 patrocinamos el Campeonato del Mundo celebrado en Sierra Nevada. \u00a1Un deporte as\u00ed de innovador se merec\u00eda el apoyo de San Miguel!<\/div>\n\t\t\t\t\t\t\t\t\t<\/div>\n\n\t\t\t<\/div>\n\t\t\t\t\t<div class=\"galerialightbox-item\">\n\t\t\t\t<div class=\"galerialightbox-img\">\n\t\t\t\t\t\t\t\t\t\t\t<a class=\"enlace\" data-fancybox href=\"https:\/\/www.sanmiguel.com\/es\/wp-content\/uploads\/sites\/2\/2024\/11\/xii-trofeo-cerveza-san-miguel-full-872x1168-c-default.webp\" title=\"Ver XII TROFEO CERVEZA SAN MIGUEL\"><\/a>\n\t\t\t\t\t\t\t\t\t\t<img decoding=\"async\" class=\"poster\" srcset=\"https:\/\/www.sanmiguel.com\/es\/wp-content\/uploads\/sites\/2\/2024\/11\/xii-trofeo-cerveza-san-miguel-full-330x442-c-default.webp 412w,https:\/\/www.sanmiguel.com\/es\/wp-content\/uploads\/sites\/2\/2024\/11\/xii-trofeo-cerveza-san-miguel-full-765x1025-c-default.webp 751w,https:\/\/www.sanmiguel.com\/es\/wp-content\/uploads\/sites\/2\/2024\/11\/xii-trofeo-cerveza-san-miguel-full-872x1168-c-default.webp 1367w\" sizes=\"(max-width: 500px) 412px, (min-width: 501px) and (max-width: 1366px) 751px, (min-width: 1367px) 1367px\" src=\"https:\/\/www.sanmiguel.com\/es\/wp-content\/uploads\/sites\/2\/2024\/11\/xii-trofeo-cerveza-san-miguel-full-765x1025-c-default.webp\" alt=\"XII TROFEO CERVEZA SAN MIGUEL\" loading=\"lazy\"\/>\n\t\t\t\t<\/div>\n\n\t\t\t\t<div class=\"galerialightbox-content\">\n\t\t\t\t\t<h3 class=\"galeria-ano\">2013<\/h3>\n\t\t\t\t\t<h3 class=\"galeria-titulo\">XII TROFEO CERVEZA SAN MIGUEL<\/h3>\n\t\t\t\t\t\t\t\t\t\t\t<div class=\"galerialightbox-text\">El deporte es la mejor forma de superaci\u00f3n para saltar todas las barreras y llegar a nuevas marcas personales que uno no imaginaba alcanzar. Automoci\u00f3n, baloncesto, f\u00fatbol, esqu\u00ed, pirag\u00fcismo\u2026 y golf. En 2013, llegamos a la XII edici\u00f3n del Trofeo Cerveza San Miguel. Pasamos el d\u00eda entre birdies y pares con estas maravillosas vistas de M\u00e1laga desde el Baviera Golf. La competici\u00f3n, como no pod\u00eda ser de otra forma, termin\u00f3 con la entrega de premios y unas San Miguel. \u00a1Todo un hoyo en uno!<\/div>\n\t\t\t\t\t\t\t\t\t<\/div>\n\n\t\t\t<\/div>\n\t\t\t\t\t<div class=\"galerialightbox-item\">\n\t\t\t\t<div class=\"galerialightbox-img\">\n\t\t\t\t\t\t\t\t\t\t\t<a class=\"enlace\" data-fancybox href=\"https:\/\/www.sanmiguel.com\/es\/wp-content\/uploads\/sites\/2\/2024\/11\/carrera-de-la-mujer-2016-full-872x1168-c-default.webp\" title=\"Ver CARRERA DE LA MUJER 2016\"><\/a>\n\t\t\t\t\t\t\t\t\t\t<img decoding=\"async\" class=\"poster\" srcset=\"https:\/\/www.sanmiguel.com\/es\/wp-content\/uploads\/sites\/2\/2024\/11\/carrera-de-la-mujer-2016-full-330x442-c-default.webp 412w,https:\/\/www.sanmiguel.com\/es\/wp-content\/uploads\/sites\/2\/2024\/11\/carrera-de-la-mujer-2016-full-765x1025-c-default.webp 751w,https:\/\/www.sanmiguel.com\/es\/wp-content\/uploads\/sites\/2\/2024\/11\/carrera-de-la-mujer-2016-full-872x1168-c-default.webp 1367w\" sizes=\"(max-width: 500px) 412px, (min-width: 501px) and (max-width: 1366px) 751px, (min-width: 1367px) 1367px\" src=\"https:\/\/www.sanmiguel.com\/es\/wp-content\/uploads\/sites\/2\/2024\/11\/carrera-de-la-mujer-2016-full-765x1025-c-default.webp\" alt=\"CARRERA DE LA MUJER 2016\" loading=\"lazy\"\/>\n\t\t\t\t<\/div>\n\n\t\t\t\t<div class=\"galerialightbox-content\">\n\t\t\t\t\t<h3 class=\"galeria-ano\">2016<\/h3>\n\t\t\t\t\t<h3 class=\"galeria-titulo\">CARRERA DE LA MUJER 2016<\/h3>\n\t\t\t\t\t\t\t\t\t\t\t<div class=\"galerialightbox-text\">A veces correr es de valientes, de mujeres que corren por otras mujeres. En 2016, San Miguel 0,0% fue patrocinador de la Carrera de La Mujer en La Coru\u00f1a. Una cita con el deporte y con la solidaridad que ti\u00f1\u00f3 las calles de rosa. Es el evento deportivo femenino m\u00e1s grande de Europa y la mejor forma de disfrutar del atletismo y concienciar sobre la prevenci\u00f3n. \u00a1Sudamos la camiseta y volver\u00edamos hacerlo muchas veces m\u00e1s!<\/div>\n\t\t\t\t\t\t\t\t\t<\/div>\n\n\t\t\t<\/div>\n\t\t\t<\/div>\n<\/div>\n","protected":false},"excerpt":{"rendered":"","protected":false},"author":1,"featured_media":0,"parent":22741,"menu_order":0,"comment_status":"closed","ping_status":"closed","template":"page-historia-deportes.php","meta":{"_acf_changed":false,"inline_featured_image":false,"footnotes":""},"class_list":["post-23621","page","type-page","status-publish","hentry"],"acf":[],"yoast_head":"<!-- This site is optimized with the Yoast SEO plugin v27.4 - https:\/\/yoast.com\/product\/yoast-seo-wordpress\/ -->\n<title>San Miguel y otros deportes | Cervezas San Miguel | ES<\/title>\n<meta name=\"description\" content=\"Tenemos pasi\u00f3n por el deporte. Son muchas las emociones que sentimos formando parte de las competiciones y disciplinas del deporte.\" \/>\n<meta name=\"robots\" content=\"index, follow, max-snippet:-1, max-image-preview:large, max-video-preview:-1\" \/>\n<link rel=\"canonical\" href=\"https:\/\/www.sanmiguel.com\/es\/historia\/deporte\/otros-deportes\/\" \/>\n<meta property=\"og:locale\" content=\"es_ES\" \/>\n<meta property=\"og:type\" content=\"article\" \/>\n<meta property=\"og:title\" content=\"San Miguel y otros deportes | Cervezas San Miguel | ES\" \/>\n<meta property=\"og:description\" content=\"Tenemos pasi\u00f3n por el deporte. Son muchas las emociones que sentimos formando parte de las competiciones y disciplinas del deporte.\" \/>\n<meta property=\"og:url\" content=\"https:\/\/www.sanmiguel.com\/es\/historia\/deporte\/otros-deportes\/\" \/>\n<meta property=\"og:site_name\" content=\"Cervezas San Miguel | ES\" \/>\n<meta property=\"article:modified_time\" content=\"2025-12-22T07:18:22+00:00\" \/>\n<meta name=\"twitter:card\" content=\"summary_large_image\" \/>\n<script type=\"application\/ld+json\" class=\"yoast-schema-graph\">{\"@context\":\"https:\\\/\\\/schema.org\",\"@graph\":[{\"@type\":\"WebPage\",\"@id\":\"https:\\\/\\\/www.sanmiguel.com\\\/es\\\/historia\\\/deporte\\\/otros-deportes\\\/\",\"url\":\"https:\\\/\\\/www.sanmiguel.com\\\/es\\\/historia\\\/deporte\\\/otros-deportes\\\/\",\"name\":\"San Miguel y otros deportes | Cervezas San Miguel | ES\",\"isPartOf\":{\"@id\":\"https:\\\/\\\/www.sanmiguel.com\\\/es\\\/#website\"},\"datePublished\":\"2024-11-21T16:15:42+00:00\",\"dateModified\":\"2025-12-22T07:18:22+00:00\",\"description\":\"Tenemos pasi\u00f3n por el deporte. Son muchas las emociones que sentimos formando parte de las competiciones y disciplinas del deporte.\",\"breadcrumb\":{\"@id\":\"https:\\\/\\\/www.sanmiguel.com\\\/es\\\/historia\\\/deporte\\\/otros-deportes\\\/#breadcrumb\"},\"inLanguage\":\"es\",\"potentialAction\":[{\"@type\":\"ReadAction\",\"target\":[\"https:\\\/\\\/www.sanmiguel.com\\\/es\\\/historia\\\/deporte\\\/otros-deportes\\\/\"]}]},{\"@type\":\"BreadcrumbList\",\"@id\":\"https:\\\/\\\/www.sanmiguel.com\\\/es\\\/historia\\\/deporte\\\/otros-deportes\\\/#breadcrumb\",\"itemListElement\":[{\"@type\":\"ListItem\",\"position\":1,\"name\":\"Portada\",\"item\":\"https:\\\/\\\/www.sanmiguel.com\\\/es\\\/\"},{\"@type\":\"ListItem\",\"position\":2,\"name\":\"Historia 2024\",\"item\":\"https:\\\/\\\/www.sanmiguel.com\\\/es\\\/historia\\\/\"},{\"@type\":\"ListItem\",\"position\":3,\"name\":\"Deporte\",\"item\":\"https:\\\/\\\/www.sanmiguel.com\\\/es\\\/historia\\\/deporte\\\/\"},{\"@type\":\"ListItem\",\"position\":4,\"name\":\"San Miguel y otros deportes\"}]},{\"@type\":\"WebSite\",\"@id\":\"https:\\\/\\\/www.sanmiguel.com\\\/es\\\/#website\",\"url\":\"https:\\\/\\\/www.sanmiguel.com\\\/es\\\/\",\"name\":\"Cervezas San Miguel | ES\",\"description\":\"Bienvenidos Cerveceros Inquietos\",\"publisher\":{\"@id\":\"https:\\\/\\\/www.sanmiguel.com\\\/es\\\/#organization\"},\"potentialAction\":[{\"@type\":\"SearchAction\",\"target\":{\"@type\":\"EntryPoint\",\"urlTemplate\":\"https:\\\/\\\/www.sanmiguel.com\\\/es\\\/?s={search_term_string}\"},\"query-input\":{\"@type\":\"PropertyValueSpecification\",\"valueRequired\":true,\"valueName\":\"search_term_string\"}}],\"inLanguage\":\"es\"},{\"@type\":\"Organization\",\"@id\":\"https:\\\/\\\/www.sanmiguel.com\\\/es\\\/#organization\",\"name\":\"Cervezas San Miguel\",\"url\":\"https:\\\/\\\/www.sanmiguel.com\\\/es\\\/\",\"logo\":{\"@type\":\"ImageObject\",\"inLanguage\":\"es\",\"@id\":\"https:\\\/\\\/www.sanmiguel.com\\\/es\\\/#\\\/schema\\\/logo\\\/image\\\/\",\"url\":\"https:\\\/\\\/www.sanmiguel.com\\\/es\\\/wp-content\\\/uploads\\\/sites\\\/2\\\/2022\\\/06\\\/cervezas-san-miguel-logo.jpg\",\"contentUrl\":\"https:\\\/\\\/www.sanmiguel.com\\\/es\\\/wp-content\\\/uploads\\\/sites\\\/2\\\/2022\\\/06\\\/cervezas-san-miguel-logo.jpg\",\"width\":400,\"height\":400,\"caption\":\"Cervezas San Miguel\"},\"image\":{\"@id\":\"https:\\\/\\\/www.sanmiguel.com\\\/es\\\/#\\\/schema\\\/logo\\\/image\\\/\"}}]}<\/script>\n<!-- \/ Yoast SEO plugin. -->","yoast_head_json":{"title":"San Miguel y otros deportes | Cervezas San Miguel | ES","description":"Tenemos pasi\u00f3n por el deporte. Son muchas las emociones que sentimos formando parte de las competiciones y disciplinas del deporte.","robots":{"index":"index","follow":"follow","max-snippet":"max-snippet:-1","max-image-preview":"max-image-preview:large","max-video-preview":"max-video-preview:-1"},"canonical":"https:\/\/www.sanmiguel.com\/es\/historia\/deporte\/otros-deportes\/","og_locale":"es_ES","og_type":"article","og_title":"San Miguel y otros deportes | Cervezas San Miguel | ES","og_description":"Tenemos pasi\u00f3n por el deporte. Son muchas las emociones que sentimos formando parte de las competiciones y disciplinas del deporte.","og_url":"https:\/\/www.sanmiguel.com\/es\/historia\/deporte\/otros-deportes\/","og_site_name":"Cervezas San Miguel | ES","article_modified_time":"2025-12-22T07:18:22+00:00","twitter_card":"summary_large_image","schema":{"@context":"https:\/\/schema.org","@graph":[{"@type":"WebPage","@id":"https:\/\/www.sanmiguel.com\/es\/historia\/deporte\/otros-deportes\/","url":"https:\/\/www.sanmiguel.com\/es\/historia\/deporte\/otros-deportes\/","name":"San Miguel y otros deportes | Cervezas San Miguel | ES","isPartOf":{"@id":"https:\/\/www.sanmiguel.com\/es\/#website"},"datePublished":"2024-11-21T16:15:42+00:00","dateModified":"2025-12-22T07:18:22+00:00","description":"Tenemos pasi\u00f3n por el deporte. Son muchas las emociones que sentimos formando parte de las competiciones y disciplinas del deporte.","breadcrumb":{"@id":"https:\/\/www.sanmiguel.com\/es\/historia\/deporte\/otros-deportes\/#breadcrumb"},"inLanguage":"es","potentialAction":[{"@type":"ReadAction","target":["https:\/\/www.sanmiguel.com\/es\/historia\/deporte\/otros-deportes\/"]}]},{"@type":"BreadcrumbList","@id":"https:\/\/www.sanmiguel.com\/es\/historia\/deporte\/otros-deportes\/#breadcrumb","itemListElement":[{"@type":"ListItem","position":1,"name":"Portada","item":"https:\/\/www.sanmiguel.com\/es\/"},{"@type":"ListItem","position":2,"name":"Historia 2024","item":"https:\/\/www.sanmiguel.com\/es\/historia\/"},{"@type":"ListItem","position":3,"name":"Deporte","item":"https:\/\/www.sanmiguel.com\/es\/historia\/deporte\/"},{"@type":"ListItem","position":4,"name":"San Miguel y otros deportes"}]},{"@type":"WebSite","@id":"https:\/\/www.sanmiguel.com\/es\/#website","url":"https:\/\/www.sanmiguel.com\/es\/","name":"Cervezas San Miguel | ES","description":"Bienvenidos Cerveceros Inquietos","publisher":{"@id":"https:\/\/www.sanmiguel.com\/es\/#organization"},"potentialAction":[{"@type":"SearchAction","target":{"@type":"EntryPoint","urlTemplate":"https:\/\/www.sanmiguel.com\/es\/?s={search_term_string}"},"query-input":{"@type":"PropertyValueSpecification","valueRequired":true,"valueName":"search_term_string"}}],"inLanguage":"es"},{"@type":"Organization","@id":"https:\/\/www.sanmiguel.com\/es\/#organization","name":"Cervezas San Miguel","url":"https:\/\/www.sanmiguel.com\/es\/","logo":{"@type":"ImageObject","inLanguage":"es","@id":"https:\/\/www.sanmiguel.com\/es\/#\/schema\/logo\/image\/","url":"https:\/\/www.sanmiguel.com\/es\/wp-content\/uploads\/sites\/2\/2022\/06\/cervezas-san-miguel-logo.jpg","contentUrl":"https:\/\/www.sanmiguel.com\/es\/wp-content\/uploads\/sites\/2\/2022\/06\/cervezas-san-miguel-logo.jpg","width":400,"height":400,"caption":"Cervezas San Miguel"},"image":{"@id":"https:\/\/www.sanmiguel.com\/es\/#\/schema\/logo\/image\/"}}]}},"_links":{"self":[{"href":"https:\/\/www.sanmiguel.com\/es\/wp-json\/wp\/v2\/pages\/23621","targetHints":{"allow":["GET"]}}],"collection":[{"href":"https:\/\/www.sanmiguel.com\/es\/wp-json\/wp\/v2\/pages"}],"about":[{"href":"https:\/\/www.sanmiguel.com\/es\/wp-json\/wp\/v2\/types\/page"}],"author":[{"embeddable":true,"href":"https:\/\/www.sanmiguel.com\/es\/wp-json\/wp\/v2\/users\/1"}],"replies":[{"embeddable":true,"href":"https:\/\/www.sanmiguel.com\/es\/wp-json\/wp\/v2\/comments?post=23621"}],"version-history":[{"count":9,"href":"https:\/\/www.sanmiguel.com\/es\/wp-json\/wp\/v2\/pages\/23621\/revisions"}],"predecessor-version":[{"id":23995,"href":"https:\/\/www.sanmiguel.com\/es\/wp-json\/wp\/v2\/pages\/23621\/revisions\/23995"}],"up":[{"embeddable":true,"href":"https:\/\/www.sanmiguel.com\/es\/wp-json\/wp\/v2\/pages\/22741"}],"wp:attachment":[{"href":"https:\/\/www.sanmiguel.com\/es\/wp-json\/wp\/v2\/media?parent=23621"}],"curies":[{"name":"wp","href":"https:\/\/api.w.org\/{rel}","templated":true}]}}